{"id":161,"date":"2016-10-25T15:19:54","date_gmt":"2016-10-25T14:19:54","guid":{"rendered":"http:\/\/lawyer2.mythemecloud.io\/?page_id=161"},"modified":"2021-05-11T13:19:36","modified_gmt":"2021-05-11T12:19:36","slug":"inicio","status":"publish","type":"page","link":"https:\/\/medioambiente.llanera.es\/","title":{"rendered":"Inicio"},"content":{"rendered":"\t\t<div data-elementor-type=\"wp-page\" data-elementor-id=\"161\" class=\"elementor elementor-161\" data-elementor-settings=\"[]\">\n\t\t\t\t\t\t<div class=\"elementor-inner\">\n\t\t\t\t\t\t\t<div class=\"elementor-section-wrap\">\n\t\t\t\t\t\t\t<section class=\"elementor-section elementor-top-section elementor-element elementor-element-47afc6a elementor-section-boxed elementor-section-height-default elementor-section-height-default\" data-id=\"47afc6a\" data-element_type=\"section\" data-settings=\"{&quot;background_background&quot;:&quot;classic&quot;}\">\n\t\t\t\t\t\t<div class=\"elementor-container elementor-column-gap-default\">\n\t\t\t\t\t\t\t<div class=\"elementor-row\">\n\t\t\t\t\t<div class=\"elementor-column elementor-col-100 elementor-top-column elementor-element elementor-element-c0b39a5\" data-id=\"c0b39a5\" data-element_type=\"column\">\n\t\t\t<div class=\"elementor-column-wrap elementor-element-populated\">\n\t\t\t\t\t\t\t<div class=\"elementor-widget-wrap\">\n\t\t\t\t\t\t<section class=\"elementor-section elementor-inner-section elementor-element elementor-element-e8febbf elementor-section-boxed elementor-section-height-default elementor-section-height-default\" data-id=\"e8febbf\" data-element_type=\"section\">\n\t\t\t\t\t\t<div class=\"elementor-container elementor-column-gap-default\">\n\t\t\t\t\t\t\t<div class=\"elementor-row\">\n\t\t\t\t\t<div class=\"elementor-column elementor-col-50 elementor-inner-column elementor-element elementor-element-af80283\" data-id=\"af80283\" data-element_type=\"column\">\n\t\t\t<div class=\"elementor-column-wrap elementor-element-populated\">\n\t\t\t\t\t\t\t<div class=\"elementor-widget-wrap\">\n\t\t\t\t\t\t<div class=\"elementor-element elementor-element-72d4068 elementor-widget elementor-widget-image\" data-id=\"72d4068\" data-element_type=\"widget\" data-widget_type=\"image.default\">\n\t\t\t\t<div class=\"elementor-widget-container\">\n\t\t\t\t\t\t\t\t<div class=\"elementor-image\">\n\t\t\t\t\t\t\t\t\t\t\t\t<img width=\"600\" height=\"600\" src=\"https:\/\/medioambiente.llanera.es\/wp-content\/uploads\/2021\/05\/NuevaPortada.jpg\" class=\"attachment-large size-large\" alt=\"\" loading=\"lazy\" srcset=\"https:\/\/medioambiente.llanera.es\/wp-content\/uploads\/2021\/05\/NuevaPortada.jpg 600w, https:\/\/medioambiente.llanera.es\/wp-content\/uploads\/2021\/05\/NuevaPortada-300x300.jpg 300w, https:\/\/medioambiente.llanera.es\/wp-content\/uploads\/2021\/05\/NuevaPortada-150x150.jpg 150w\" sizes=\"(max-width: 600px) 100vw, 600px\" \/>\t\t\t\t\t\t\t\t\t\t\t\t\t\t<\/div>\n\t\t\t\t\t\t<\/div>\n\t\t\t\t<\/div>\n\t\t\t\t\t\t<\/div>\n\t\t\t\t\t<\/div>\n\t\t<\/div>\n\t\t\t\t<div class=\"elementor-column elementor-col-50 elementor-inner-column elementor-element elementor-element-9a1b77b\" data-id=\"9a1b77b\" data-element_type=\"column\">\n\t\t\t<div class=\"elementor-column-wrap elementor-element-populated\">\n\t\t\t\t\t\t\t<div class=\"elementor-widget-wrap\">\n\t\t\t\t\t\t<div class=\"elementor-element elementor-element-2d5efff elementor-widget elementor-widget-image\" data-id=\"2d5efff\" data-element_type=\"widget\" data-widget_type=\"image.default\">\n\t\t\t\t<div class=\"elementor-widget-container\">\n\t\t\t\t\t\t\t\t<div class=\"elementor-image\">\n\t\t\t\t\t\t\t\t\t\t\t\t\t<a href=\"http:\/\/medioambiente.llanera.es\/?page_id=1525\">\n\t\t\t\t\t\t\t<img width=\"500\" height=\"100\" src=\"https:\/\/medioambiente.llanera.es\/wp-content\/uploads\/2021\/05\/InformacionNew.jpg\" class=\"elementor-animation-bob attachment-large size-large\" alt=\"\" loading=\"lazy\" srcset=\"https:\/\/medioambiente.llanera.es\/wp-content\/uploads\/2021\/05\/InformacionNew.jpg 500w, https:\/\/medioambiente.llanera.es\/wp-content\/uploads\/2021\/05\/InformacionNew-300x60.jpg 300w\" sizes=\"(max-width: 500px) 100vw, 500px\" \/>\t\t\t\t\t\t\t\t<\/a>\n\t\t\t\t\t\t\t\t\t\t\t\t\t\t<\/div>\n\t\t\t\t\t\t<\/div>\n\t\t\t\t<\/div>\n\t\t\t\t<div class=\"elementor-element elementor-element-d96cabc elementor-widget elementor-widget-image\" data-id=\"d96cabc\" data-element_type=\"widget\" data-widget_type=\"image.default\">\n\t\t\t\t<div class=\"elementor-widget-container\">\n\t\t\t\t\t\t\t\t<div class=\"elementor-image\">\n\t\t\t\t\t\t\t\t\t\t\t\t\t<a href=\"http:\/\/medioambiente.llanera.es\/?page_id=656\">\n\t\t\t\t\t\t\t<img width=\"500\" height=\"100\" src=\"https:\/\/medioambiente.llanera.es\/wp-content\/uploads\/2021\/05\/aguanew.jpg\" class=\"elementor-animation-bob attachment-large size-large\" alt=\"\" loading=\"lazy\" srcset=\"https:\/\/medioambiente.llanera.es\/wp-content\/uploads\/2021\/05\/aguanew.jpg 500w, https:\/\/medioambiente.llanera.es\/wp-content\/uploads\/2021\/05\/aguanew-300x60.jpg 300w\" sizes=\"(max-width: 500px) 100vw, 500px\" \/>\t\t\t\t\t\t\t\t<\/a>\n\t\t\t\t\t\t\t\t\t\t\t\t\t\t<\/div>\n\t\t\t\t\t\t<\/div>\n\t\t\t\t<\/div>\n\t\t\t\t<div class=\"elementor-element elementor-element-611b7a6 elementor-widget elementor-widget-image\" data-id=\"611b7a6\" data-element_type=\"widget\" data-widget_type=\"image.default\">\n\t\t\t\t<div class=\"elementor-widget-container\">\n\t\t\t\t\t\t\t\t<div class=\"elementor-image\">\n\t\t\t\t\t\t\t\t\t\t\t\t\t<a href=\"http:\/\/medioambiente.llanera.es\/?page_id=657\">\n\t\t\t\t\t\t\t<img width=\"500\" height=\"100\" src=\"https:\/\/medioambiente.llanera.es\/wp-content\/uploads\/2021\/05\/AireNew.jpg\" class=\"elementor-animation-bob attachment-large size-large\" alt=\"\" loading=\"lazy\" srcset=\"https:\/\/medioambiente.llanera.es\/wp-content\/uploads\/2021\/05\/AireNew.jpg 500w, https:\/\/medioambiente.llanera.es\/wp-content\/uploads\/2021\/05\/AireNew-300x60.jpg 300w\" sizes=\"(max-width: 500px) 100vw, 500px\" \/>\t\t\t\t\t\t\t\t<\/a>\n\t\t\t\t\t\t\t\t\t\t\t\t\t\t<\/div>\n\t\t\t\t\t\t<\/div>\n\t\t\t\t<\/div>\n\t\t\t\t<div class=\"elementor-element elementor-element-43e1449 elementor-widget elementor-widget-image\" data-id=\"43e1449\" data-element_type=\"widget\" data-widget_type=\"image.default\">\n\t\t\t\t<div class=\"elementor-widget-container\">\n\t\t\t\t\t\t\t\t<div class=\"elementor-image\">\n\t\t\t\t\t\t\t\t\t\t\t\t\t<a href=\"http:\/\/medioambiente.llanera.es\/?page_id=994\">\n\t\t\t\t\t\t\t<img width=\"500\" height=\"100\" src=\"https:\/\/medioambiente.llanera.es\/wp-content\/uploads\/2021\/05\/ReciclarNew.jpg\" class=\"elementor-animation-bob attachment-large size-large\" alt=\"\" loading=\"lazy\" srcset=\"https:\/\/medioambiente.llanera.es\/wp-content\/uploads\/2021\/05\/ReciclarNew.jpg 500w, https:\/\/medioambiente.llanera.es\/wp-content\/uploads\/2021\/05\/ReciclarNew-300x60.jpg 300w\" sizes=\"(max-width: 500px) 100vw, 500px\" \/>\t\t\t\t\t\t\t\t<\/a>\n\t\t\t\t\t\t\t\t\t\t\t\t\t\t<\/div>\n\t\t\t\t\t\t<\/div>\n\t\t\t\t<\/div>\n\t\t\t\t<div class=\"elementor-element elementor-element-4cb0809 elementor-widget elementor-widget-image\" data-id=\"4cb0809\" data-element_type=\"widget\" data-widget_type=\"image.default\">\n\t\t\t\t<div class=\"elementor-widget-container\">\n\t\t\t\t\t\t\t\t<div class=\"elementor-image\">\n\t\t\t\t\t\t\t\t\t\t\t\t\t<a href=\"http:\/\/medioambiente.llanera.es\/?page_id=2100\">\n\t\t\t\t\t\t\t<img width=\"500\" height=\"100\" src=\"https:\/\/medioambiente.llanera.es\/wp-content\/uploads\/2021\/05\/Biodiversidad.jpg\" class=\"elementor-animation-bob attachment-large size-large\" alt=\"\" loading=\"lazy\" srcset=\"https:\/\/medioambiente.llanera.es\/wp-content\/uploads\/2021\/05\/Biodiversidad.jpg 500w, https:\/\/medioambiente.llanera.es\/wp-content\/uploads\/2021\/05\/Biodiversidad-300x60.jpg 300w\" sizes=\"(max-width: 500px) 100vw, 500px\" \/>\t\t\t\t\t\t\t\t<\/a>\n\t\t\t\t\t\t\t\t\t\t\t\t\t\t<\/div>\n\t\t\t\t\t\t<\/div>\n\t\t\t\t<\/div>\n\t\t\t\t<div class=\"elementor-element elementor-element-755308e elementor-widget elementor-widget-image\" data-id=\"755308e\" data-element_type=\"widget\" data-widget_type=\"image.default\">\n\t\t\t\t<div class=\"elementor-widget-container\">\n\t\t\t\t\t\t\t\t<div class=\"elementor-image\">\n\t\t\t\t\t\t\t\t\t\t\t\t\t<a href=\"http:\/\/medioambiente.llanera.es\/?page_id=1340\">\n\t\t\t\t\t\t\t<img width=\"500\" height=\"100\" src=\"https:\/\/medioambiente.llanera.es\/wp-content\/uploads\/2021\/05\/senderosp.jpg\" class=\"elementor-animation-bob attachment-large size-large\" alt=\"\" loading=\"lazy\" srcset=\"https:\/\/medioambiente.llanera.es\/wp-content\/uploads\/2021\/05\/senderosp.jpg 500w, https:\/\/medioambiente.llanera.es\/wp-content\/uploads\/2021\/05\/senderosp-300x60.jpg 300w\" sizes=\"(max-width: 500px) 100vw, 500px\" \/>\t\t\t\t\t\t\t\t<\/a>\n\t\t\t\t\t\t\t\t\t\t\t\t\t\t<\/div>\n\t\t\t\t\t\t<\/div>\n\t\t\t\t<\/div>\n\t\t\t\t\t\t<\/div>\n\t\t\t\t\t<\/div>\n\t\t<\/div>\n\t\t\t\t\t\t\t\t<\/div>\n\t\t\t\t\t<\/div>\n\t\t<\/section>\n\t\t\t\t<div class=\"elementor-element elementor-element-bde9c64 elementor-widget elementor-widget-post-slider\" data-id=\"bde9c64\" data-element_type=\"widget\" data-widget_type=\"post-slider.default\">\n\t\t\t\t<div class=\"elementor-widget-container\">\n\t\t\t        <div id=\"wpmagazine-modules-lite-post-slider-block-bde9c64\" class=\"wpmagazine-modules-lite-post-slider-block block-bde9c64 cvmm-block cvmm-block-post-slider--layout-default\">\r\n            <h2 class=\"cvmm-block-title layout--default\"><span>\u00daltimas entradas<\/span><\/h2><div class=\"cvmm-slider-block-main-content-wrap\">\r\n    <div class=\"cvmm-slider-post-wrapper\"  data-dots=0 data-loop=1 data-control=1 data-auto=1 data-type=0 data-speed=2500>\r\n                        <article post-id=\"post-3061\" class=\"cvmm-post post-format--standard\" itemscope itemtype=\"http:\/\/schema.org\/articleBody\">\r\n                                        <div class=\"cvmm-post-thumb\">\r\n                        <a href=\"https:\/\/medioambiente.llanera.es\/?p=3061\" target=\"_blank\"><img src=\"https:\/\/medioambiente.llanera.es\/wp-content\/uploads\/2021\/06\/06-08_dia-mundial-de-los-oceanos_vida_m-150x150.jpg\" alt=\"D\u00eda Mundial de los Oc\u00e9anos. 8 de Junio 2021\"\/><\/a>\r\n                    <\/div>\r\n\r\n\r\n                <div class=\"cvmm-post-content-all-wrapper\">\r\n                    <h2 class=\"cvmm-post-title\">\r\n                        <a href=\"https:\/\/medioambiente.llanera.es\/?p=3061\" target=\"_blank\">\r\n                            D\u00eda Mundial de los Oc\u00e9anos. 8 de Junio 2021                        <\/a>\r\n                    <\/h2>\r\n\r\n                    <div class=\"cvmm-post-meta cvmm-meta-icon-hide\">\r\n                        <span class=\"cvmm-post-date cvmm-post-meta-item\" itemprop=\"datePublished\"><a href=\"https:\/\/medioambiente.llanera.es\/?p=3061\" target=\"_blank\">4 de junio de 2021<\/a><\/span><span class=\"cvmm-post-cats-wrap cvmm-post-meta-item\"><span class=\"cvmm-post-cat cvmm-cat-42\"><a href=\"https:\/\/medioambiente.llanera.es\/?cat=42\" target=\"_blank\">Medio Ambiente<\/a><\/span><\/span>                    <\/div>\r\n                    <div class=\"cvmm-read-more\"><a href=\"https:\/\/medioambiente.llanera.es\/?p=3061\" target=\"_blank\">Seguir leyendo<\/a><\/div>                <\/div>\r\n                \r\n                <\/article>\r\n                        <article post-id=\"post-2860\" class=\"cvmm-post post-format--standard\" itemscope itemtype=\"http:\/\/schema.org\/articleBody\">\r\n                                        <div class=\"cvmm-post-thumb\">\r\n                        <a href=\"https:\/\/medioambiente.llanera.es\/?p=2860\" target=\"_blank\"><img src=\"https:\/\/medioambiente.llanera.es\/wp-content\/uploads\/2021\/04\/modelo-agroganadero-extensivo-150x150.jpg\" alt=\"Asturias lidera la defensa de la Ganader\u00eda Extensiva\"\/><\/a>\r\n                    <\/div>\r\n\r\n\r\n                <div class=\"cvmm-post-content-all-wrapper\">\r\n                    <h2 class=\"cvmm-post-title\">\r\n                        <a href=\"https:\/\/medioambiente.llanera.es\/?p=2860\" target=\"_blank\">\r\n                            Asturias lidera la defensa de la Ganader\u00eda Extensiva                        <\/a>\r\n                    <\/h2>\r\n\r\n                    <div class=\"cvmm-post-meta cvmm-meta-icon-hide\">\r\n                        <span class=\"cvmm-post-date cvmm-post-meta-item\" itemprop=\"datePublished\"><a href=\"https:\/\/medioambiente.llanera.es\/?p=2860\" target=\"_blank\">27 de abril de 2021<\/a><\/span><span class=\"cvmm-post-cats-wrap cvmm-post-meta-item\"><span class=\"cvmm-post-cat cvmm-cat-42\"><a href=\"https:\/\/medioambiente.llanera.es\/?cat=42\" target=\"_blank\">Medio Ambiente<\/a><\/span><\/span>                    <\/div>\r\n                    <div class=\"cvmm-read-more\"><a href=\"https:\/\/medioambiente.llanera.es\/?p=2860\" target=\"_blank\">Seguir leyendo<\/a><\/div>                <\/div>\r\n                \r\n                <\/article>\r\n                        <article post-id=\"post-2849\" class=\"cvmm-post post-format--standard\" itemscope itemtype=\"http:\/\/schema.org\/articleBody\">\r\n                                        <div class=\"cvmm-post-thumb\">\r\n                        <a href=\"https:\/\/medioambiente.llanera.es\/?p=2849\" target=\"_blank\"><img src=\"https:\/\/medioambiente.llanera.es\/wp-content\/uploads\/2021\/04\/Tierra-2021-150x150.jpg\" alt=\"D\u00eda Mundial de La Tierra 22\/04\/2021\"\/><\/a>\r\n                    <\/div>\r\n\r\n\r\n                <div class=\"cvmm-post-content-all-wrapper\">\r\n                    <h2 class=\"cvmm-post-title\">\r\n                        <a href=\"https:\/\/medioambiente.llanera.es\/?p=2849\" target=\"_blank\">\r\n                            D\u00eda Mundial de La Tierra 22\/04\/2021                        <\/a>\r\n                    <\/h2>\r\n\r\n                    <div class=\"cvmm-post-meta cvmm-meta-icon-hide\">\r\n                        <span class=\"cvmm-post-date cvmm-post-meta-item\" itemprop=\"datePublished\"><a href=\"https:\/\/medioambiente.llanera.es\/?p=2849\" target=\"_blank\">22 de abril de 2021<\/a><\/span><span class=\"cvmm-post-cats-wrap cvmm-post-meta-item\"><span class=\"cvmm-post-cat cvmm-cat-35\"><a href=\"https:\/\/medioambiente.llanera.es\/?cat=35\" target=\"_blank\">biodiversidad<\/a><\/span><\/span>                    <\/div>\r\n                    <div class=\"cvmm-read-more\"><a href=\"https:\/\/medioambiente.llanera.es\/?p=2849\" target=\"_blank\">Seguir leyendo<\/a><\/div>                <\/div>\r\n                \r\n                <\/article>\r\n                        <article post-id=\"post-2842\" class=\"cvmm-post post-format--standard\" itemscope itemtype=\"http:\/\/schema.org\/articleBody\">\r\n                                        <div class=\"cvmm-post-thumb\">\r\n                        <a href=\"https:\/\/medioambiente.llanera.es\/?p=2842\" target=\"_blank\"><img src=\"https:\/\/medioambiente.llanera.es\/wp-content\/uploads\/2021\/04\/montana_paisaje_tcm13-92136-150x150.jpg\" alt=\"Convertir el CO2 en Materia Prima\"\/><\/a>\r\n                    <\/div>\r\n\r\n\r\n                <div class=\"cvmm-post-content-all-wrapper\">\r\n                    <h2 class=\"cvmm-post-title\">\r\n                        <a href=\"https:\/\/medioambiente.llanera.es\/?p=2842\" target=\"_blank\">\r\n                            Convertir el CO2 en Materia Prima                        <\/a>\r\n                    <\/h2>\r\n\r\n                    <div class=\"cvmm-post-meta cvmm-meta-icon-hide\">\r\n                        <span class=\"cvmm-post-date cvmm-post-meta-item\" itemprop=\"datePublished\"><a href=\"https:\/\/medioambiente.llanera.es\/?p=2842\" target=\"_blank\">19 de abril de 2021<\/a><\/span><span class=\"cvmm-post-cats-wrap cvmm-post-meta-item\"><span class=\"cvmm-post-cat cvmm-cat-35\"><a href=\"https:\/\/medioambiente.llanera.es\/?cat=35\" target=\"_blank\">biodiversidad<\/a><\/span><\/span>                    <\/div>\r\n                    <div class=\"cvmm-read-more\"><a href=\"https:\/\/medioambiente.llanera.es\/?p=2842\" target=\"_blank\">Seguir leyendo<\/a><\/div>                <\/div>\r\n                \r\n                <\/article>\r\n                        <article post-id=\"post-2820\" class=\"cvmm-post post-format--standard\" itemscope itemtype=\"http:\/\/schema.org\/articleBody\">\r\n                                        <div class=\"cvmm-post-thumb\">\r\n                        <a href=\"https:\/\/medioambiente.llanera.es\/?p=2820\" target=\"_blank\"><img src=\"https:\/\/medioambiente.llanera.es\/wp-content\/uploads\/2021\/04\/portadaProductosSanitarios-150x150.jpg\" alt=\"Macarillas con Grafeno\"\/><\/a>\r\n                    <\/div>\r\n\r\n\r\n                <div class=\"cvmm-post-content-all-wrapper\">\r\n                    <h2 class=\"cvmm-post-title\">\r\n                        <a href=\"https:\/\/medioambiente.llanera.es\/?p=2820\" target=\"_blank\">\r\n                            Macarillas con Grafeno                        <\/a>\r\n                    <\/h2>\r\n\r\n                    <div class=\"cvmm-post-meta cvmm-meta-icon-hide\">\r\n                        <span class=\"cvmm-post-date cvmm-post-meta-item\" itemprop=\"datePublished\"><a href=\"https:\/\/medioambiente.llanera.es\/?p=2820\" target=\"_blank\">16 de abril de 2021<\/a><\/span><span class=\"cvmm-post-cats-wrap cvmm-post-meta-item\"><span class=\"cvmm-post-cat cvmm-cat-24\"><a href=\"https:\/\/medioambiente.llanera.es\/?cat=24\" target=\"_blank\">SALUD<\/a><\/span><\/span>                    <\/div>\r\n                    <div class=\"cvmm-read-more\"><a href=\"https:\/\/medioambiente.llanera.es\/?p=2820\" target=\"_blank\">Seguir leyendo<\/a><\/div>                <\/div>\r\n                \r\n                <\/article>\r\n                        <article post-id=\"post-2771\" class=\"cvmm-post post-format--standard\" itemscope itemtype=\"http:\/\/schema.org\/articleBody\">\r\n                                        <div class=\"cvmm-post-thumb\">\r\n                        <a href=\"https:\/\/medioambiente.llanera.es\/?p=2771\" target=\"_blank\"><img src=\"https:\/\/medioambiente.llanera.es\/wp-content\/uploads\/2021\/03\/ventilacion-en-interiores-566x400-1-150x150.jpeg\" alt=\"Mediciones De CO2 en Recintos Cerrados\"\/><\/a>\r\n                    <\/div>\r\n\r\n\r\n                <div class=\"cvmm-post-content-all-wrapper\">\r\n                    <h2 class=\"cvmm-post-title\">\r\n                        <a href=\"https:\/\/medioambiente.llanera.es\/?p=2771\" target=\"_blank\">\r\n                            Mediciones De CO2 en Recintos Cerrados                        <\/a>\r\n                    <\/h2>\r\n\r\n                    <div class=\"cvmm-post-meta cvmm-meta-icon-hide\">\r\n                        <span class=\"cvmm-post-date cvmm-post-meta-item\" itemprop=\"datePublished\"><a href=\"https:\/\/medioambiente.llanera.es\/?p=2771\" target=\"_blank\">29 de marzo de 2021<\/a><\/span><span class=\"cvmm-post-cats-wrap cvmm-post-meta-item\"><span class=\"cvmm-post-cat cvmm-cat-24\"><a href=\"https:\/\/medioambiente.llanera.es\/?cat=24\" target=\"_blank\">SALUD<\/a><\/span><\/span>                    <\/div>\r\n                    <div class=\"cvmm-read-more\"><a href=\"https:\/\/medioambiente.llanera.es\/?p=2771\" target=\"_blank\">Seguir leyendo<\/a><\/div>                <\/div>\r\n                \r\n                <\/article>\r\n                        <article post-id=\"post-2746\" class=\"cvmm-post post-format--standard\" itemscope itemtype=\"http:\/\/schema.org\/articleBody\">\r\n                                        <div class=\"cvmm-post-thumb\">\r\n                        <a href=\"https:\/\/medioambiente.llanera.es\/?p=2746\" target=\"_blank\"><img src=\"https:\/\/medioambiente.llanera.es\/wp-content\/uploads\/2021\/03\/Dia-del-Agua-150x150.jpg\" alt=\"D\u00eda mundial del Agua\"\/><\/a>\r\n                    <\/div>\r\n\r\n\r\n                <div class=\"cvmm-post-content-all-wrapper\">\r\n                    <h2 class=\"cvmm-post-title\">\r\n                        <a href=\"https:\/\/medioambiente.llanera.es\/?p=2746\" target=\"_blank\">\r\n                            D\u00eda mundial del Agua                        <\/a>\r\n                    <\/h2>\r\n\r\n                    <div class=\"cvmm-post-meta cvmm-meta-icon-hide\">\r\n                        <span class=\"cvmm-post-date cvmm-post-meta-item\" itemprop=\"datePublished\"><a href=\"https:\/\/medioambiente.llanera.es\/?p=2746\" target=\"_blank\">22 de marzo de 2021<\/a><\/span><span class=\"cvmm-post-cats-wrap cvmm-post-meta-item\"><span class=\"cvmm-post-cat cvmm-cat-35\"><a href=\"https:\/\/medioambiente.llanera.es\/?cat=35\" target=\"_blank\">biodiversidad<\/a><\/span><\/span>                    <\/div>\r\n                    <div class=\"cvmm-read-more\"><a href=\"https:\/\/medioambiente.llanera.es\/?p=2746\" target=\"_blank\">Seguir leyendo<\/a><\/div>                <\/div>\r\n                \r\n                <\/article>\r\n                        <article post-id=\"post-2725\" class=\"cvmm-post post-format--standard\" itemscope itemtype=\"http:\/\/schema.org\/articleBody\">\r\n                                        <div class=\"cvmm-post-thumb\">\r\n                        <a href=\"https:\/\/medioambiente.llanera.es\/?p=2725\" target=\"_blank\"><img src=\"https:\/\/medioambiente.llanera.es\/wp-content\/uploads\/2021\/03\/restauracion-forestal-bosques-150x150.jpeg\" alt=\"D\u00eda Internacional de los Bosques\"\/><\/a>\r\n                    <\/div>\r\n\r\n\r\n                <div class=\"cvmm-post-content-all-wrapper\">\r\n                    <h2 class=\"cvmm-post-title\">\r\n                        <a href=\"https:\/\/medioambiente.llanera.es\/?p=2725\" target=\"_blank\">\r\n                            D\u00eda Internacional de los Bosques                        <\/a>\r\n                    <\/h2>\r\n\r\n                    <div class=\"cvmm-post-meta cvmm-meta-icon-hide\">\r\n                        <span class=\"cvmm-post-date cvmm-post-meta-item\" itemprop=\"datePublished\"><a href=\"https:\/\/medioambiente.llanera.es\/?p=2725\" target=\"_blank\">21 de marzo de 2021<\/a><\/span><span class=\"cvmm-post-cats-wrap cvmm-post-meta-item\"><span class=\"cvmm-post-cat cvmm-cat-35\"><a href=\"https:\/\/medioambiente.llanera.es\/?cat=35\" target=\"_blank\">biodiversidad<\/a><\/span><\/span>                    <\/div>\r\n                    <div class=\"cvmm-read-more\"><a href=\"https:\/\/medioambiente.llanera.es\/?p=2725\" target=\"_blank\">Seguir leyendo<\/a><\/div>                <\/div>\r\n                \r\n                <\/article>\r\n                        <article post-id=\"post-2703\" class=\"cvmm-post post-format--standard\" itemscope itemtype=\"http:\/\/schema.org\/articleBody\">\r\n                                        <div class=\"cvmm-post-thumb\">\r\n                        <a href=\"https:\/\/medioambiente.llanera.es\/?p=2703\" target=\"_blank\"><img src=\"https:\/\/medioambiente.llanera.es\/wp-content\/uploads\/2021\/03\/Que-aire-respiramos-150x150.png\" alt=\"\u00bfQu\u00e9 aire respiramos en situaci\u00f3n anticicl\u00f3nica?\"\/><\/a>\r\n                    <\/div>\r\n\r\n\r\n                <div class=\"cvmm-post-content-all-wrapper\">\r\n                    <h2 class=\"cvmm-post-title\">\r\n                        <a href=\"https:\/\/medioambiente.llanera.es\/?p=2703\" target=\"_blank\">\r\n                            \u00bfQu\u00e9 aire respiramos en situaci\u00f3n anticicl\u00f3nica?                        <\/a>\r\n                    <\/h2>\r\n\r\n                    <div class=\"cvmm-post-meta cvmm-meta-icon-hide\">\r\n                        <span class=\"cvmm-post-date cvmm-post-meta-item\" itemprop=\"datePublished\"><a href=\"https:\/\/medioambiente.llanera.es\/?p=2703\" target=\"_blank\">19 de marzo de 2021<\/a><\/span><span class=\"cvmm-post-cats-wrap cvmm-post-meta-item\"><span class=\"cvmm-post-cat cvmm-cat-24\"><a href=\"https:\/\/medioambiente.llanera.es\/?cat=24\" target=\"_blank\">SALUD<\/a><\/span><\/span>                    <\/div>\r\n                    <div class=\"cvmm-read-more\"><a href=\"https:\/\/medioambiente.llanera.es\/?p=2703\" target=\"_blank\">Seguir leyendo<\/a><\/div>                <\/div>\r\n                \r\n                <\/article>\r\n                        <article post-id=\"post-2694\" class=\"cvmm-post post-format--standard\" itemscope itemtype=\"http:\/\/schema.org\/articleBody\">\r\n                                        <div class=\"cvmm-post-thumb\">\r\n                        <a href=\"https:\/\/medioambiente.llanera.es\/?p=2694\" target=\"_blank\"><img src=\"https:\/\/medioambiente.llanera.es\/wp-content\/uploads\/2021\/03\/resurreccin-residuos-150x150.png\" alt=\"La \u00abresurrecci\u00f3n\u00bb de mi basura\"\/><\/a>\r\n                    <\/div>\r\n\r\n\r\n                <div class=\"cvmm-post-content-all-wrapper\">\r\n                    <h2 class=\"cvmm-post-title\">\r\n                        <a href=\"https:\/\/medioambiente.llanera.es\/?p=2694\" target=\"_blank\">\r\n                            La \u00abresurrecci\u00f3n\u00bb de mi basura                        <\/a>\r\n                    <\/h2>\r\n\r\n                    <div class=\"cvmm-post-meta cvmm-meta-icon-hide\">\r\n                        <span class=\"cvmm-post-date cvmm-post-meta-item\" itemprop=\"datePublished\"><a href=\"https:\/\/medioambiente.llanera.es\/?p=2694\" target=\"_blank\">19 de marzo de 2021<\/a><\/span><span class=\"cvmm-post-cats-wrap cvmm-post-meta-item\"><span class=\"cvmm-post-cat cvmm-cat-34\"><a href=\"https:\/\/medioambiente.llanera.es\/?cat=34\" target=\"_blank\">Noticias Residuos<\/a><\/span><\/span>                    <\/div>\r\n                    <div class=\"cvmm-read-more\"><a href=\"https:\/\/medioambiente.llanera.es\/?p=2694\" target=\"_blank\">Seguir leyendo<\/a><\/div>                <\/div>\r\n                \r\n                <\/article>\r\n            <\/div><!-- .cvmm-slider-post-wrapper -->\r\n<\/div><!-- .cvmm-slider-block-main-content-wrap -->        <\/div><!-- #wpmagazine-modules-lite-banner-block -->\r\n    \t\t<\/div>\n\t\t\t\t<\/div>\n\t\t\t\t\t\t<\/div>\n\t\t\t\t\t<\/div>\n\t\t<\/div>\n\t\t\t\t\t\t\t\t<\/div>\n\t\t\t\t\t<\/div>\n\t\t<\/section>\n\t\t\t\t\t\t<\/div>\n\t\t\t\t\t\t<\/div>\n\t\t\t\t\t<\/div>\n\t\t","protected":false},"excerpt":{"rendered":"<p>\u00daltimas entradas Asturias lidera la defensa de la Ganader\u00eda Extensiva 27 de abril de 2021Medio Ambiente Seguir leyendo D\u00eda Mundial de La Tierra 22\/04\/2021 22 de abril de 2021biodiversidad Seguir leyendo Convertir el CO2 en Materia Prima 19 de abril de 2021biodiversidad Seguir leyendo Macarillas con Grafeno 16 de abril de 2021SALUD Seguir leyendo Mediciones [&hellip;]<\/p>\n","protected":false},"author":3,"featured_media":0,"parent":0,"menu_order":0,"comment_status":"closed","ping_status":"closed","template":"","meta":[],"yoast_head":"<!-- This site is optimized with the Yoast SEO plugin v18.3 - https:\/\/yoast.com\/wordpress\/plugins\/seo\/ -->\r\n<title>Inicio -<\/title>\r\n<meta name=\"robots\" content=\"index, follow, max-snippet:-1, max-image-preview:large, max-video-preview:-1\" \/>\r\n<link rel=\"canonical\" href=\"http:\/\/medioambiente.llanera.es\/\" \/>\r\n<meta property=\"og:locale\" content=\"es_ES\" \/>\r\n<meta property=\"og:type\" content=\"article\" \/>\r\n<meta property=\"og:title\" content=\"Inicio -\" \/>\r\n<meta property=\"og:description\" content=\"\u00daltimas entradas Asturias lidera la defensa de la Ganader\u00eda Extensiva 27 de abril de 2021Medio Ambiente Seguir leyendo D\u00eda Mundial de La Tierra 22\/04\/2021 22 de abril de 2021biodiversidad Seguir leyendo Convertir el CO2 en Materia Prima 19 de abril de 2021biodiversidad Seguir leyendo Macarillas con Grafeno 16 de abril de 2021SALUD Seguir leyendo Mediciones [&hellip;]\" \/>\r\n<meta property=\"og:url\" content=\"http:\/\/medioambiente.llanera.es\/\" \/>\r\n<meta property=\"article:modified_time\" content=\"2021-05-11T12:19:36+00:00\" \/>\r\n<meta property=\"og:image\" content=\"http:\/\/medioambiente.llanera.es\/wp-content\/uploads\/2021\/05\/NuevaPortada.jpg\" \/>\r\n<meta name=\"twitter:card\" content=\"summary_large_image\" \/>\r\n<meta name=\"twitter:label1\" content=\"Tiempo de lectura\" \/>\n\t<meta name=\"twitter:data1\" content=\"1 minuto\" \/>\r\n<script type=\"application\/ld+json\" class=\"yoast-schema-graph\">{\"@context\":\"https:\/\/schema.org\",\"@graph\":[{\"@type\":\"Organization\",\"@id\":\"http:\/\/medioambiente.llanera.es\/#organization\",\"name\":\"Ayuntamiento de Llanera\",\"url\":\"http:\/\/medioambiente.llanera.es\/\",\"sameAs\":[],\"logo\":{\"@type\":\"ImageObject\",\"@id\":\"http:\/\/medioambiente.llanera.es\/#logo\",\"inLanguage\":\"es\",\"url\":\"http:\/\/medioambiente.llanera.es\/wp-content\/uploads\/2021\/05\/escudop1.jpg\",\"contentUrl\":\"http:\/\/medioambiente.llanera.es\/wp-content\/uploads\/2021\/05\/escudop1.jpg\",\"width\":200,\"height\":150,\"caption\":\"Ayuntamiento de Llanera\"},\"image\":{\"@id\":\"http:\/\/medioambiente.llanera.es\/#logo\"}},{\"@type\":\"WebSite\",\"@id\":\"http:\/\/medioambiente.llanera.es\/#website\",\"url\":\"http:\/\/medioambiente.llanera.es\/\",\"name\":\"\",\"description\":\"\",\"publisher\":{\"@id\":\"http:\/\/medioambiente.llanera.es\/#organization\"},\"potentialAction\":[{\"@type\":\"SearchAction\",\"target\":{\"@type\":\"EntryPoint\",\"urlTemplate\":\"http:\/\/medioambiente.llanera.es\/?s={search_term_string}\"},\"query-input\":\"required name=search_term_string\"}],\"inLanguage\":\"es\"},{\"@type\":\"ImageObject\",\"@id\":\"http:\/\/medioambiente.llanera.es\/#primaryimage\",\"inLanguage\":\"es\",\"url\":\"https:\/\/medioambiente.llanera.es\/wp-content\/uploads\/2021\/05\/NuevaPortada.jpg\",\"contentUrl\":\"https:\/\/medioambiente.llanera.es\/wp-content\/uploads\/2021\/05\/NuevaPortada.jpg\",\"width\":600,\"height\":600},{\"@type\":\"WebPage\",\"@id\":\"http:\/\/medioambiente.llanera.es\/#webpage\",\"url\":\"http:\/\/medioambiente.llanera.es\/\",\"name\":\"Inicio -\",\"isPartOf\":{\"@id\":\"http:\/\/medioambiente.llanera.es\/#website\"},\"primaryImageOfPage\":{\"@id\":\"http:\/\/medioambiente.llanera.es\/#primaryimage\"},\"datePublished\":\"2016-10-25T14:19:54+00:00\",\"dateModified\":\"2021-05-11T12:19:36+00:00\",\"breadcrumb\":{\"@id\":\"http:\/\/medioambiente.llanera.es\/#breadcrumb\"},\"inLanguage\":\"es\",\"potentialAction\":[{\"@type\":\"ReadAction\",\"target\":[\"http:\/\/medioambiente.llanera.es\/\"]}]},{\"@type\":\"BreadcrumbList\",\"@id\":\"http:\/\/medioambiente.llanera.es\/#breadcrumb\",\"itemListElement\":[{\"@type\":\"ListItem\",\"position\":1,\"name\":\"Portada\",\"item\":\"http:\/\/medioambiente.llanera.es\/\"},{\"@type\":\"ListItem\",\"position\":2,\"name\":\"Inicio\"}]}]}<\/script>\r\n<!-- \/ Yoast SEO plugin. -->","yoast_head_json":{"title":"Inicio -","robots":{"index":"index","follow":"follow","max-snippet":"max-snippet:-1","max-image-preview":"max-image-preview:large","max-video-preview":"max-video-preview:-1"},"canonical":"http:\/\/medioambiente.llanera.es\/","og_locale":"es_ES","og_type":"article","og_title":"Inicio -","og_description":"\u00daltimas entradas Asturias lidera la defensa de la Ganader\u00eda Extensiva 27 de abril de 2021Medio Ambiente Seguir leyendo D\u00eda Mundial de La Tierra 22\/04\/2021 22 de abril de 2021biodiversidad Seguir leyendo Convertir el CO2 en Materia Prima 19 de abril de 2021biodiversidad Seguir leyendo Macarillas con Grafeno 16 de abril de 2021SALUD Seguir leyendo Mediciones [&hellip;]","og_url":"http:\/\/medioambiente.llanera.es\/","article_modified_time":"2021-05-11T12:19:36+00:00","og_image":[{"url":"http:\/\/medioambiente.llanera.es\/wp-content\/uploads\/2021\/05\/NuevaPortada.jpg"}],"twitter_card":"summary_large_image","twitter_misc":{"Tiempo de lectura":"1 minuto"},"schema":{"@context":"https:\/\/schema.org","@graph":[{"@type":"Organization","@id":"http:\/\/medioambiente.llanera.es\/#organization","name":"Ayuntamiento de Llanera","url":"http:\/\/medioambiente.llanera.es\/","sameAs":[],"logo":{"@type":"ImageObject","@id":"http:\/\/medioambiente.llanera.es\/#logo","inLanguage":"es","url":"http:\/\/medioambiente.llanera.es\/wp-content\/uploads\/2021\/05\/escudop1.jpg","contentUrl":"http:\/\/medioambiente.llanera.es\/wp-content\/uploads\/2021\/05\/escudop1.jpg","width":200,"height":150,"caption":"Ayuntamiento de Llanera"},"image":{"@id":"http:\/\/medioambiente.llanera.es\/#logo"}},{"@type":"WebSite","@id":"http:\/\/medioambiente.llanera.es\/#website","url":"http:\/\/medioambiente.llanera.es\/","name":"","description":"","publisher":{"@id":"http:\/\/medioambiente.llanera.es\/#organization"},"potentialAction":[{"@type":"SearchAction","target":{"@type":"EntryPoint","urlTemplate":"http:\/\/medioambiente.llanera.es\/?s={search_term_string}"},"query-input":"required name=search_term_string"}],"inLanguage":"es"},{"@type":"ImageObject","@id":"http:\/\/medioambiente.llanera.es\/#primaryimage","inLanguage":"es","url":"https:\/\/medioambiente.llanera.es\/wp-content\/uploads\/2021\/05\/NuevaPortada.jpg","contentUrl":"https:\/\/medioambiente.llanera.es\/wp-content\/uploads\/2021\/05\/NuevaPortada.jpg","width":600,"height":600},{"@type":"WebPage","@id":"http:\/\/medioambiente.llanera.es\/#webpage","url":"http:\/\/medioambiente.llanera.es\/","name":"Inicio -","isPartOf":{"@id":"http:\/\/medioambiente.llanera.es\/#website"},"primaryImageOfPage":{"@id":"http:\/\/medioambiente.llanera.es\/#primaryimage"},"datePublished":"2016-10-25T14:19:54+00:00","dateModified":"2021-05-11T12:19:36+00:00","breadcrumb":{"@id":"http:\/\/medioambiente.llanera.es\/#breadcrumb"},"inLanguage":"es","potentialAction":[{"@type":"ReadAction","target":["http:\/\/medioambiente.llanera.es\/"]}]},{"@type":"BreadcrumbList","@id":"http:\/\/medioambiente.llanera.es\/#breadcrumb","itemListElement":[{"@type":"ListItem","position":1,"name":"Portada","item":"http:\/\/medioambiente.llanera.es\/"},{"@type":"ListItem","position":2,"name":"Inicio"}]}]}},"blog_post_layout_featured_media_urls":{"thumbnail":"","full":""},"categories_names":null,"comments_number":"0","wpmagazine_modules_lite_featured_media_urls":{"thumbnail":"","cvmm-medium":"","cvmm-medium-plus":"","cvmm-portrait":"","cvmm-medium-square":"","cvmm-large":"","cvmm-small":"","full":""},"_links":{"self":[{"href":"https:\/\/medioambiente.llanera.es\/index.php?rest_route=\/wp\/v2\/pages\/161"}],"collection":[{"href":"https:\/\/medioambiente.llanera.es\/index.php?rest_route=\/wp\/v2\/pages"}],"about":[{"href":"https:\/\/medioambiente.llanera.es\/index.php?rest_route=\/wp\/v2\/types\/page"}],"author":[{"embeddable":true,"href":"https:\/\/medioambiente.llanera.es\/index.php?rest_route=\/wp\/v2\/users\/3"}],"replies":[{"embeddable":true,"href":"https:\/\/medioambiente.llanera.es\/index.php?rest_route=%2Fwp%2Fv2%2Fcomments&post=161"}],"version-history":[{"count":125,"href":"https:\/\/medioambiente.llanera.es\/index.php?rest_route=\/wp\/v2\/pages\/161\/revisions"}],"predecessor-version":[{"id":3019,"href":"https:\/\/medioambiente.llanera.es\/index.php?rest_route=\/wp\/v2\/pages\/161\/revisions\/3019"}],"wp:attachment":[{"href":"https:\/\/medioambiente.llanera.es\/index.php?rest_route=%2Fwp%2Fv2%2Fmedia&parent=161"}],"curies":[{"name":"wp","href":"https:\/\/api.w.org\/{rel}","templated":true}]}}