{"id":949,"date":"2020-12-17T17:30:16","date_gmt":"2020-12-17T16:30:16","guid":{"rendered":"http:\/\/medioambiente.llanera.es\/?page_id=949"},"modified":"2021-03-08T12:43:31","modified_gmt":"2021-03-08T11:43:31","slug":"cambio-climatico","status":"publish","type":"page","link":"http:\/\/medioambiente.llanera.es\/?page_id=949","title":{"rendered":"Cambio Clim\u00e1tico"},"content":{"rendered":"\t\t<div data-elementor-type=\"wp-page\" data-elementor-id=\"949\" class=\"elementor elementor-949\" data-elementor-settings=\"[]\">\n\t\t\t\t\t\t<div class=\"elementor-inner\">\n\t\t\t\t\t\t\t<div class=\"elementor-section-wrap\">\n\t\t\t\t\t\t\t<section class=\"elementor-section elementor-top-section elementor-element elementor-element-b8d4690 elementor-section-boxed elementor-section-height-default elementor-section-height-default\" data-id=\"b8d4690\" data-element_type=\"section\" data-settings=\"{&quot;background_background&quot;:&quot;classic&quot;}\">\n\t\t\t\t\t\t<div class=\"elementor-container elementor-column-gap-default\">\n\t\t\t\t\t\t\t<div class=\"elementor-row\">\n\t\t\t\t\t<div class=\"elementor-column elementor-col-100 elementor-top-column elementor-element elementor-element-a711233\" data-id=\"a711233\" data-element_type=\"column\">\n\t\t\t<div class=\"elementor-column-wrap elementor-element-populated\">\n\t\t\t\t\t\t\t<div class=\"elementor-widget-wrap\">\n\t\t\t\t\t\t<div class=\"elementor-element elementor-element-f5251dd elementor-widget elementor-widget-heading\" data-id=\"f5251dd\" data-element_type=\"widget\" data-widget_type=\"heading.default\">\n\t\t\t\t<div class=\"elementor-widget-container\">\n\t\t\t<h2 class=\"elementor-heading-title elementor-size-default\">Cambio Clim\u00e1tico<\/h2>\t\t<\/div>\n\t\t\t\t<\/div>\n\t\t\t\t<div class=\"elementor-element elementor-element-d68ced2 elementor-widget__width-initial elementor-widget elementor-widget-text-editor\" data-id=\"d68ced2\" data-element_type=\"widget\" data-widget_type=\"text-editor.default\">\n\t\t\t\t<div class=\"elementor-widget-container\">\n\t\t\t\t\t\t\t\t<div class=\"elementor-text-editor elementor-clearfix\">\n\t\t\t\t<p>Antes de saber lo que es el cambio clim\u00e1tico vamos a ver lo que es el clima y en que se diferencia del tiempo meteorol\u00f3gico.<\/p><p>Hablamos del\u00a0<strong>tiempo meteorol\u00f3gico<\/strong>\u00a0cuando queremos referirnos a las condiciones meteorol\u00f3gicas en un momento concreto: Decimos que hoy el tiempo es lluvioso, o soleado; que es un d\u00eda ventoso o apacible\u2026\u00a0<\/p><p>Hablamos de\u00a0<strong>clima<\/strong>\u00a0cuando nos referimos a las condiciones que son habituales en un lugar determinado. Decimos que el clima de \u00e9ste o aquel lugar es fr\u00edo o es c\u00e1lido; que es h\u00famedo o es seco\u2026\u00a0<\/p><div>El tiempo que hace en un lugar puede cambiar con una relativa rapidez: a una ma\u00f1ana fr\u00eda y soleada puede sucederle, en cuesti\u00f3n de horas, una tarde lluviosa y suave. El clima, sin embargo, suele ser menos variable<\/div>\t\t\t\t\t<\/div>\n\t\t\t\t\t\t<\/div>\n\t\t\t\t<\/div>\n\t\t\t\t\t\t<\/div>\n\t\t\t\t\t<\/div>\n\t\t<\/div>\n\t\t\t\t\t\t\t\t<\/div>\n\t\t\t\t\t<\/div>\n\t\t<\/section>\n\t\t\t\t<section class=\"elementor-section elementor-top-section elementor-element elementor-element-34a8bc3 elementor-section-boxed elementor-section-height-default elementor-section-height-default\" data-id=\"34a8bc3\" data-element_type=\"section\">\n\t\t\t\t\t\t<div class=\"elementor-container elementor-column-gap-default\">\n\t\t\t\t\t\t\t<div class=\"elementor-row\">\n\t\t\t\t\t<div class=\"elementor-column elementor-col-33 elementor-top-column elementor-element elementor-element-945dac6\" data-id=\"945dac6\" data-element_type=\"column\" data-settings=\"{&quot;background_background&quot;:&quot;classic&quot;}\">\n\t\t\t<div class=\"elementor-column-wrap elementor-element-populated\">\n\t\t\t\t\t\t\t<div class=\"elementor-widget-wrap\">\n\t\t\t\t\t\t<div class=\"elementor-element elementor-element-9d2e6d3 elementor-aspect-ratio-169 elementor-widget elementor-widget-video\" data-id=\"9d2e6d3\" data-element_type=\"widget\" data-settings=\"{&quot;youtube_url&quot;:&quot;https:\\\/\\\/youtu.be\\\/L9bgqLQ7OZc&quot;,&quot;video_type&quot;:&quot;youtube&quot;,&quot;controls&quot;:&quot;yes&quot;,&quot;aspect_ratio&quot;:&quot;169&quot;}\" data-widget_type=\"video.default\">\n\t\t\t\t<div class=\"elementor-widget-container\">\n\t\t\t\t\t<div class=\"elementor-wrapper elementor-fit-aspect-ratio elementor-open-inline\">\n\t\t\t<div class=\"elementor-video\"><\/div>\t\t<\/div>\n\t\t\t\t<\/div>\n\t\t\t\t<\/div>\n\t\t\t\t\t\t<\/div>\n\t\t\t\t\t<\/div>\n\t\t<\/div>\n\t\t\t\t<div class=\"elementor-column elementor-col-33 elementor-top-column elementor-element elementor-element-9010622\" data-id=\"9010622\" data-element_type=\"column\" data-settings=\"{&quot;background_background&quot;:&quot;classic&quot;}\">\n\t\t\t<div class=\"elementor-column-wrap elementor-element-populated\">\n\t\t\t\t\t\t\t<div class=\"elementor-widget-wrap\">\n\t\t\t\t\t\t<div class=\"elementor-element elementor-element-060f543 elementor-align-left elementor-icon-list--layout-traditional elementor-list-item-link-full_width elementor-widget elementor-widget-icon-list\" data-id=\"060f543\" data-element_type=\"widget\" data-widget_type=\"icon-list.default\">\n\t\t\t\t<div class=\"elementor-widget-container\">\n\t\t\t\t\t<ul class=\"elementor-icon-list-items\">\n\t\t\t\t\t\t\t<li class=\"elementor-icon-list-item\">\n\t\t\t\t\t\t\t\t\t\t\t<a href=\"http:\/\/medioambiente.llanera.es\/wp-content\/uploads\/2021\/01\/Cambio-Climatico.pdf\" target=\"_blank\">\n\n\t\t\t\t\t\t\t\t\t\t\t\t<span class=\"elementor-icon-list-icon\">\n\t\t\t\t\t\t\t<i aria-hidden=\"true\" class=\"fas fa-circle\"><\/i>\t\t\t\t\t\t<\/span>\n\t\t\t\t\t\t\t\t\t\t<span class=\"elementor-icon-list-text\">Que es el cambio clim\u00e1tico<\/span>\n\t\t\t\t\t\t\t\t\t\t\t<\/a>\n\t\t\t\t\t\t\t\t\t<\/li>\n\t\t\t\t\t\t\t\t<li class=\"elementor-icon-list-item\">\n\t\t\t\t\t\t\t\t\t\t\t<a href=\"http:\/\/medioambiente.llanera.es\/wp-content\/uploads\/2021\/01\/efecto-invernadero.pdf\" target=\"_blank\">\n\n\t\t\t\t\t\t\t\t\t\t\t\t<span class=\"elementor-icon-list-icon\">\n\t\t\t\t\t\t\t<i aria-hidden=\"true\" class=\"fas fa-circle\"><\/i>\t\t\t\t\t\t<\/span>\n\t\t\t\t\t\t\t\t\t\t<span class=\"elementor-icon-list-text\">Efecto invernadero y cambio clim\u00e1tico<\/span>\n\t\t\t\t\t\t\t\t\t\t\t<\/a>\n\t\t\t\t\t\t\t\t\t<\/li>\n\t\t\t\t\t\t\t\t<li class=\"elementor-icon-list-item\">\n\t\t\t\t\t\t\t\t\t\t\t<a href=\"http:\/\/medioambiente.llanera.es\/wp-content\/uploads\/2021\/02\/CONSECUENCIAS-DEL-EFECTO-INVERNADERO-EN-LA-SALUD-HUMANA.pdf\" target=\"_blank\">\n\n\t\t\t\t\t\t\t\t\t\t\t\t<span class=\"elementor-icon-list-icon\">\n\t\t\t\t\t\t\t<i aria-hidden=\"true\" class=\"fas fa-circle\"><\/i>\t\t\t\t\t\t<\/span>\n\t\t\t\t\t\t\t\t\t\t<span class=\"elementor-icon-list-text\">Consecuencias del Efecto Invernadero<\/span>\n\t\t\t\t\t\t\t\t\t\t\t<\/a>\n\t\t\t\t\t\t\t\t\t<\/li>\n\t\t\t\t\t\t\t\t<li class=\"elementor-icon-list-item\">\n\t\t\t\t\t\t\t\t\t\t\t<a href=\"http:\/\/www.serida.org\/pdfs\/4313.pdf\" target=\"_blank\">\n\n\t\t\t\t\t\t\t\t\t\t\t\t<span class=\"elementor-icon-list-icon\">\n\t\t\t\t\t\t\t<i aria-hidden=\"true\" class=\"fas fa-book-reader\"><\/i>\t\t\t\t\t\t<\/span>\n\t\t\t\t\t\t\t\t\t\t<span class=\"elementor-icon-list-text\">Evidencias y efectos del CC en Asturias<\/span>\n\t\t\t\t\t\t\t\t\t\t\t<\/a>\n\t\t\t\t\t\t\t\t\t<\/li>\n\t\t\t\t\t\t<\/ul>\n\t\t\t\t<\/div>\n\t\t\t\t<\/div>\n\t\t\t\t<div class=\"elementor-element elementor-element-dca48f5 elementor-widget elementor-widget-image\" data-id=\"dca48f5\" data-element_type=\"widget\" data-widget_type=\"image.default\">\n\t\t\t\t<div class=\"elementor-widget-container\">\n\t\t\t\t\t\t\t\t<div class=\"elementor-image\">\n\t\t\t\t\t\t\t\t\t\t\t\t<img width=\"300\" height=\"150\" src=\"http:\/\/medioambiente.llanera.es\/wp-content\/uploads\/2021\/02\/cambio-climatico-300x150.jpg\" class=\"attachment-medium size-medium\" alt=\"\" loading=\"lazy\" srcset=\"http:\/\/medioambiente.llanera.es\/wp-content\/uploads\/2021\/02\/cambio-climatico-300x150.jpg 300w, http:\/\/medioambiente.llanera.es\/wp-content\/uploads\/2021\/02\/cambio-climatico.jpg 600w\" sizes=\"(max-width: 300px) 100vw, 300px\" \/>\t\t\t\t\t\t\t\t\t\t\t\t\t\t<\/div>\n\t\t\t\t\t\t<\/div>\n\t\t\t\t<\/div>\n\t\t\t\t\t\t<\/div>\n\t\t\t\t\t<\/div>\n\t\t<\/div>\n\t\t\t\t<div class=\"elementor-column elementor-col-33 elementor-top-column elementor-element elementor-element-5dd2474\" data-id=\"5dd2474\" data-element_type=\"column\" data-settings=\"{&quot;background_background&quot;:&quot;classic&quot;}\">\n\t\t\t<div class=\"elementor-column-wrap elementor-element-populated\">\n\t\t\t\t\t\t\t<div class=\"elementor-widget-wrap\">\n\t\t\t\t\t\t<div class=\"elementor-element elementor-element-78baafe elementor-aspect-ratio-169 elementor-widget elementor-widget-video\" data-id=\"78baafe\" data-element_type=\"widget\" data-settings=\"{&quot;youtube_url&quot;:&quot;https:\\\/\\\/youtu.be\\\/iWUuFaCL3nY&quot;,&quot;video_type&quot;:&quot;youtube&quot;,&quot;controls&quot;:&quot;yes&quot;,&quot;aspect_ratio&quot;:&quot;169&quot;}\" data-widget_type=\"video.default\">\n\t\t\t\t<div class=\"elementor-widget-container\">\n\t\t\t\t\t<div class=\"elementor-wrapper elementor-fit-aspect-ratio elementor-open-inline\">\n\t\t\t<div class=\"elementor-video\"><\/div>\t\t<\/div>\n\t\t\t\t<\/div>\n\t\t\t\t<\/div>\n\t\t\t\t\t\t<\/div>\n\t\t\t\t\t<\/div>\n\t\t<\/div>\n\t\t\t\t\t\t\t\t<\/div>\n\t\t\t\t\t<\/div>\n\t\t<\/section>\n\t\t\t\t<section class=\"elementor-section elementor-top-section elementor-element elementor-element-d4da180 elementor-section-boxed elementor-section-height-default elementor-section-height-default\" data-id=\"d4da180\" data-element_type=\"section\">\n\t\t\t\t\t\t<div class=\"elementor-container elementor-column-gap-default\">\n\t\t\t\t\t\t\t<div class=\"elementor-row\">\n\t\t\t\t\t<div class=\"elementor-column elementor-col-100 elementor-top-column elementor-element elementor-element-497c0d8\" data-id=\"497c0d8\" data-element_type=\"column\">\n\t\t\t<div class=\"elementor-column-wrap\">\n\t\t\t\t\t\t\t<div class=\"elementor-widget-wrap\">\n\t\t\t\t\t\t\t\t<\/div>\n\t\t\t\t\t<\/div>\n\t\t<\/div>\n\t\t\t\t\t\t\t\t<\/div>\n\t\t\t\t\t<\/div>\n\t\t<\/section>\n\t\t\t\t\t\t<\/div>\n\t\t\t\t\t\t<\/div>\n\t\t\t\t\t<\/div>\n\t\t","protected":false},"excerpt":{"rendered":"<p>Cambio Clim\u00e1tico Antes de saber lo que es el cambio clim\u00e1tico vamos a ver lo que es el clima y en que se diferencia del tiempo meteorol\u00f3gico. Hablamos del\u00a0tiempo meteorol\u00f3gico\u00a0cuando queremos referirnos a las condiciones meteorol\u00f3gicas en un momento concreto: Decimos que hoy el tiempo es lluvioso, o soleado; que es un d\u00eda ventoso o [&hellip;]<\/p>\n","protected":false},"author":3,"featured_media":0,"parent":657,"menu_order":1,"comment_status":"closed","ping_status":"closed","template":"elementor_header_footer","meta":[],"yoast_head":"<!-- This site is optimized with the Yoast SEO plugin v18.3 - https:\/\/yoast.com\/wordpress\/plugins\/seo\/ -->\r\n<title>Cambio Clim\u00e1tico -<\/title>\r\n<meta name=\"robots\" content=\"index, follow, max-snippet:-1, max-image-preview:large, max-video-preview:-1\" \/>\r\n<link rel=\"canonical\" href=\"http:\/\/medioambiente.llanera.es\/?page_id=949\" \/>\r\n<meta property=\"og:locale\" content=\"es_ES\" \/>\r\n<meta property=\"og:type\" content=\"article\" \/>\r\n<meta property=\"og:title\" content=\"Cambio Clim\u00e1tico -\" \/>\r\n<meta property=\"og:description\" content=\"Cambio Clim\u00e1tico Antes de saber lo que es el cambio clim\u00e1tico vamos a ver lo que es el clima y en que se diferencia del tiempo meteorol\u00f3gico. Hablamos del\u00a0tiempo meteorol\u00f3gico\u00a0cuando queremos referirnos a las condiciones meteorol\u00f3gicas en un momento concreto: Decimos que hoy el tiempo es lluvioso, o soleado; que es un d\u00eda ventoso o [&hellip;]\" \/>\r\n<meta property=\"og:url\" content=\"http:\/\/medioambiente.llanera.es\/?page_id=949\" \/>\r\n<meta property=\"article:modified_time\" content=\"2021-03-08T11:43:31+00:00\" \/>\r\n<meta property=\"og:image\" content=\"http:\/\/medioambiente.llanera.es\/wp-content\/uploads\/2021\/02\/cambio-climatico-300x150.jpg\" \/>\r\n<meta name=\"twitter:card\" content=\"summary_large_image\" \/>\r\n<meta name=\"twitter:label1\" content=\"Tiempo de lectura\" \/>\n\t<meta name=\"twitter:data1\" content=\"1 minuto\" \/>\r\n<script type=\"application\/ld+json\" class=\"yoast-schema-graph\">{\"@context\":\"https:\/\/schema.org\",\"@graph\":[{\"@type\":\"Organization\",\"@id\":\"http:\/\/medioambiente.llanera.es\/#organization\",\"name\":\"Ayuntamiento de Llanera\",\"url\":\"http:\/\/medioambiente.llanera.es\/\",\"sameAs\":[],\"logo\":{\"@type\":\"ImageObject\",\"@id\":\"http:\/\/medioambiente.llanera.es\/#logo\",\"inLanguage\":\"es\",\"url\":\"http:\/\/medioambiente.llanera.es\/wp-content\/uploads\/2021\/05\/escudop1.jpg\",\"contentUrl\":\"http:\/\/medioambiente.llanera.es\/wp-content\/uploads\/2021\/05\/escudop1.jpg\",\"width\":200,\"height\":150,\"caption\":\"Ayuntamiento de Llanera\"},\"image\":{\"@id\":\"http:\/\/medioambiente.llanera.es\/#logo\"}},{\"@type\":\"WebSite\",\"@id\":\"http:\/\/medioambiente.llanera.es\/#website\",\"url\":\"http:\/\/medioambiente.llanera.es\/\",\"name\":\"\",\"description\":\"\",\"publisher\":{\"@id\":\"http:\/\/medioambiente.llanera.es\/#organization\"},\"potentialAction\":[{\"@type\":\"SearchAction\",\"target\":{\"@type\":\"EntryPoint\",\"urlTemplate\":\"http:\/\/medioambiente.llanera.es\/?s={search_term_string}\"},\"query-input\":\"required name=search_term_string\"}],\"inLanguage\":\"es\"},{\"@type\":\"ImageObject\",\"@id\":\"http:\/\/medioambiente.llanera.es\/?page_id=949#primaryimage\",\"inLanguage\":\"es\",\"url\":\"http:\/\/medioambiente.llanera.es\/wp-content\/uploads\/2021\/02\/cambio-climatico.jpg\",\"contentUrl\":\"http:\/\/medioambiente.llanera.es\/wp-content\/uploads\/2021\/02\/cambio-climatico.jpg\",\"width\":600,\"height\":300},{\"@type\":\"WebPage\",\"@id\":\"http:\/\/medioambiente.llanera.es\/?page_id=949#webpage\",\"url\":\"http:\/\/medioambiente.llanera.es\/?page_id=949\",\"name\":\"Cambio Clim\u00e1tico -\",\"isPartOf\":{\"@id\":\"http:\/\/medioambiente.llanera.es\/#website\"},\"primaryImageOfPage\":{\"@id\":\"http:\/\/medioambiente.llanera.es\/?page_id=949#primaryimage\"},\"datePublished\":\"2020-12-17T16:30:16+00:00\",\"dateModified\":\"2021-03-08T11:43:31+00:00\",\"breadcrumb\":{\"@id\":\"http:\/\/medioambiente.llanera.es\/?page_id=949#breadcrumb\"},\"inLanguage\":\"es\",\"potentialAction\":[{\"@type\":\"ReadAction\",\"target\":[\"http:\/\/medioambiente.llanera.es\/?page_id=949\"]}]},{\"@type\":\"BreadcrumbList\",\"@id\":\"http:\/\/medioambiente.llanera.es\/?page_id=949#breadcrumb\",\"itemListElement\":[{\"@type\":\"ListItem\",\"position\":1,\"name\":\"Portada\",\"item\":\"http:\/\/medioambiente.llanera.es\/\"},{\"@type\":\"ListItem\",\"position\":2,\"name\":\"Aire\",\"item\":\"http:\/\/medioambiente.llanera.es\/?page_id=657\"},{\"@type\":\"ListItem\",\"position\":3,\"name\":\"Cambio Clim\u00e1tico\"}]}]}<\/script>\r\n<!-- \/ Yoast SEO plugin. -->","yoast_head_json":{"title":"Cambio Clim\u00e1tico -","robots":{"index":"index","follow":"follow","max-snippet":"max-snippet:-1","max-image-preview":"max-image-preview:large","max-video-preview":"max-video-preview:-1"},"canonical":"http:\/\/medioambiente.llanera.es\/?page_id=949","og_locale":"es_ES","og_type":"article","og_title":"Cambio Clim\u00e1tico -","og_description":"Cambio Clim\u00e1tico Antes de saber lo que es el cambio clim\u00e1tico vamos a ver lo que es el clima y en que se diferencia del tiempo meteorol\u00f3gico. Hablamos del\u00a0tiempo meteorol\u00f3gico\u00a0cuando queremos referirnos a las condiciones meteorol\u00f3gicas en un momento concreto: Decimos que hoy el tiempo es lluvioso, o soleado; que es un d\u00eda ventoso o [&hellip;]","og_url":"http:\/\/medioambiente.llanera.es\/?page_id=949","article_modified_time":"2021-03-08T11:43:31+00:00","og_image":[{"url":"http:\/\/medioambiente.llanera.es\/wp-content\/uploads\/2021\/02\/cambio-climatico-300x150.jpg"}],"twitter_card":"summary_large_image","twitter_misc":{"Tiempo de lectura":"1 minuto"},"schema":{"@context":"https:\/\/schema.org","@graph":[{"@type":"Organization","@id":"http:\/\/medioambiente.llanera.es\/#organization","name":"Ayuntamiento de Llanera","url":"http:\/\/medioambiente.llanera.es\/","sameAs":[],"logo":{"@type":"ImageObject","@id":"http:\/\/medioambiente.llanera.es\/#logo","inLanguage":"es","url":"http:\/\/medioambiente.llanera.es\/wp-content\/uploads\/2021\/05\/escudop1.jpg","contentUrl":"http:\/\/medioambiente.llanera.es\/wp-content\/uploads\/2021\/05\/escudop1.jpg","width":200,"height":150,"caption":"Ayuntamiento de Llanera"},"image":{"@id":"http:\/\/medioambiente.llanera.es\/#logo"}},{"@type":"WebSite","@id":"http:\/\/medioambiente.llanera.es\/#website","url":"http:\/\/medioambiente.llanera.es\/","name":"","description":"","publisher":{"@id":"http:\/\/medioambiente.llanera.es\/#organization"},"potentialAction":[{"@type":"SearchAction","target":{"@type":"EntryPoint","urlTemplate":"http:\/\/medioambiente.llanera.es\/?s={search_term_string}"},"query-input":"required name=search_term_string"}],"inLanguage":"es"},{"@type":"ImageObject","@id":"http:\/\/medioambiente.llanera.es\/?page_id=949#primaryimage","inLanguage":"es","url":"http:\/\/medioambiente.llanera.es\/wp-content\/uploads\/2021\/02\/cambio-climatico.jpg","contentUrl":"http:\/\/medioambiente.llanera.es\/wp-content\/uploads\/2021\/02\/cambio-climatico.jpg","width":600,"height":300},{"@type":"WebPage","@id":"http:\/\/medioambiente.llanera.es\/?page_id=949#webpage","url":"http:\/\/medioambiente.llanera.es\/?page_id=949","name":"Cambio Clim\u00e1tico -","isPartOf":{"@id":"http:\/\/medioambiente.llanera.es\/#website"},"primaryImageOfPage":{"@id":"http:\/\/medioambiente.llanera.es\/?page_id=949#primaryimage"},"datePublished":"2020-12-17T16:30:16+00:00","dateModified":"2021-03-08T11:43:31+00:00","breadcrumb":{"@id":"http:\/\/medioambiente.llanera.es\/?page_id=949#breadcrumb"},"inLanguage":"es","potentialAction":[{"@type":"ReadAction","target":["http:\/\/medioambiente.llanera.es\/?page_id=949"]}]},{"@type":"BreadcrumbList","@id":"http:\/\/medioambiente.llanera.es\/?page_id=949#breadcrumb","itemListElement":[{"@type":"ListItem","position":1,"name":"Portada","item":"http:\/\/medioambiente.llanera.es\/"},{"@type":"ListItem","position":2,"name":"Aire","item":"http:\/\/medioambiente.llanera.es\/?page_id=657"},{"@type":"ListItem","position":3,"name":"Cambio Clim\u00e1tico"}]}]}},"blog_post_layout_featured_media_urls":{"thumbnail":"","full":""},"categories_names":null,"comments_number":"0","wpmagazine_modules_lite_featured_media_urls":{"thumbnail":"","cvmm-medium":"","cvmm-medium-plus":"","cvmm-portrait":"","cvmm-medium-square":"","cvmm-large":"","cvmm-small":"","full":""},"_links":{"self":[{"href":"http:\/\/medioambiente.llanera.es\/index.php?rest_route=\/wp\/v2\/pages\/949"}],"collection":[{"href":"http:\/\/medioambiente.llanera.es\/index.php?rest_route=\/wp\/v2\/pages"}],"about":[{"href":"http:\/\/medioambiente.llanera.es\/index.php?rest_route=\/wp\/v2\/types\/page"}],"author":[{"embeddable":true,"href":"http:\/\/medioambiente.llanera.es\/index.php?rest_route=\/wp\/v2\/users\/3"}],"replies":[{"embeddable":true,"href":"http:\/\/medioambiente.llanera.es\/index.php?rest_route=%2Fwp%2Fv2%2Fcomments&post=949"}],"version-history":[{"count":43,"href":"http:\/\/medioambiente.llanera.es\/index.php?rest_route=\/wp\/v2\/pages\/949\/revisions"}],"predecessor-version":[{"id":2642,"href":"http:\/\/medioambiente.llanera.es\/index.php?rest_route=\/wp\/v2\/pages\/949\/revisions\/2642"}],"up":[{"embeddable":true,"href":"http:\/\/medioambiente.llanera.es\/index.php?rest_route=\/wp\/v2\/pages\/657"}],"wp:attachment":[{"href":"http:\/\/medioambiente.llanera.es\/index.php?rest_route=%2Fwp%2Fv2%2Fmedia&parent=949"}],"curies":[{"name":"wp","href":"https:\/\/api.w.org\/{rel}","templated":true}]}}