{"id":843,"date":"2020-12-11T08:19:46","date_gmt":"2020-12-11T07:19:46","guid":{"rendered":"http:\/\/medioambiente.llanera.es\/?page_id=843"},"modified":"2021-05-26T08:17:25","modified_gmt":"2021-05-26T07:17:25","slug":"co","status":"publish","type":"page","link":"http:\/\/medioambiente.llanera.es\/?page_id=843","title":{"rendered":"Contaminantes Atmosf\u00e9ricos"},"content":{"rendered":"\t\t<div data-elementor-type=\"wp-page\" data-elementor-id=\"843\" class=\"elementor elementor-843\" data-elementor-settings=\"[]\">\n\t\t\t\t\t\t<div class=\"elementor-inner\">\n\t\t\t\t\t\t\t<div class=\"elementor-section-wrap\">\n\t\t\t\t\t\t\t<section class=\"elementor-section elementor-top-section elementor-element elementor-element-81d80d2 elementor-section-boxed elementor-section-height-default elementor-section-height-default\" data-id=\"81d80d2\" data-element_type=\"section\">\n\t\t\t\t\t\t<div class=\"elementor-container elementor-column-gap-default\">\n\t\t\t\t\t\t\t<div class=\"elementor-row\">\n\t\t\t\t\t<div class=\"elementor-column elementor-col-100 elementor-top-column elementor-element elementor-element-3a7ae8b\" data-id=\"3a7ae8b\" data-element_type=\"column\">\n\t\t\t<div class=\"elementor-column-wrap elementor-element-populated\">\n\t\t\t\t\t\t\t<div class=\"elementor-widget-wrap\">\n\t\t\t\t\t\t<div class=\"elementor-element elementor-element-ef668fc elementor-widget elementor-widget-heading\" data-id=\"ef668fc\" data-element_type=\"widget\" data-widget_type=\"heading.default\">\n\t\t\t\t<div class=\"elementor-widget-container\">\n\t\t\t<h4 class=\"elementor-heading-title elementor-size-default\">Contaminantes atmosf\u00e9ricos<\/h4>\t\t<\/div>\n\t\t\t\t<\/div>\n\t\t\t\t<div class=\"elementor-element elementor-element-5412c85 elementor-widget elementor-widget-text-editor\" data-id=\"5412c85\" data-element_type=\"widget\" data-widget_type=\"text-editor.default\">\n\t\t\t\t<div class=\"elementor-widget-container\">\n\t\t\t\t\t\t\t\t<div class=\"elementor-text-editor elementor-clearfix\">\n\t\t\t\t<p>Su origen, puede ser natural o por acci\u00f3n del hombre (Antropog\u00e9nico). Podemos clasificarlos en primarios y secundarios. Siendo los primarios los que se vierten directamente a la atm\u00f3sfera y los secundarios&nbsp; los que se forman como consecuencia de transformaciones, reacciones qu\u00edmicas y fotoqu\u00edmicas que sufren los contaminantes primarios en el seno de la atm\u00f3sfera.<\/p>\t\t\t\t\t<\/div>\n\t\t\t\t\t\t<\/div>\n\t\t\t\t<\/div>\n\t\t\t\t<div class=\"elementor-element elementor-element-865c11a elementor-arrows-position-inside elementor-pagination-position-outside elementor-widget elementor-widget-image-carousel\" data-id=\"865c11a\" data-element_type=\"widget\" data-settings=\"{&quot;slides_to_show&quot;:&quot;3&quot;,&quot;slides_to_scroll&quot;:&quot;1&quot;,&quot;navigation&quot;:&quot;both&quot;,&quot;autoplay&quot;:&quot;yes&quot;,&quot;pause_on_hover&quot;:&quot;yes&quot;,&quot;pause_on_interaction&quot;:&quot;yes&quot;,&quot;autoplay_speed&quot;:5000,&quot;infinite&quot;:&quot;yes&quot;,&quot;speed&quot;:500}\" data-widget_type=\"image-carousel.default\">\n\t\t\t\t<div class=\"elementor-widget-container\">\n\t\t\t\t\t<div class=\"elementor-image-carousel-wrapper swiper-container\" dir=\"ltr\">\n\t\t\t<div class=\"elementor-image-carousel swiper-wrapper\">\n\t\t\t\t\t\t\t\t<div class=\"swiper-slide\"><figure class=\"swiper-slide-inner\"><img class=\"swiper-slide-image\" src=\"http:\/\/medioambiente.llanera.es\/wp-content\/uploads\/elementor\/thumbs\/Incendios-forestalesel-Pais-ozpdwjr0v67fmsqam8zy4g093cqmy55z3i58q4c9uk.jpg\" alt=\"Incendios forestales(el Pa\u00eds)\" \/><\/figure><\/div><div class=\"swiper-slide\"><figure class=\"swiper-slide-inner\"><img class=\"swiper-slide-image\" src=\"http:\/\/medioambiente.llanera.es\/wp-content\/uploads\/elementor\/thumbs\/tubos-de-escape-ozpdwjr0v67fmsqam8zy4g093cqmy55z3i58q4c9uk.jpg\" alt=\"tubos de escape\" \/><\/figure><\/div><div class=\"swiper-slide\"><figure class=\"swiper-slide-inner\"><img class=\"swiper-slide-image\" src=\"http:\/\/medioambiente.llanera.es\/wp-content\/uploads\/elementor\/thumbs\/volcanes-ozpdwlmp8ua0a0nkb9t79fj6a4hddjdfrrg7oo9hi4.jpg\" alt=\"volcanes\" \/><\/figure><\/div><div class=\"swiper-slide\"><figure class=\"swiper-slide-inner\"><img class=\"swiper-slide-image\" src=\"http:\/\/medioambiente.llanera.es\/wp-content\/uploads\/elementor\/thumbs\/contaminacion-industria-ozpdwlmp8ua0a0nkb9t79fj6a4hddjdfrrg7oo9hi4.jpg\" alt=\"contaminaci\u00f3n industria\" \/><\/figure><\/div>\t\t\t<\/div>\n\t\t\t\t\t\t\t\t\t\t\t\t<div class=\"swiper-pagination\"><\/div>\n\t\t\t\t\t\t\t\t\t\t\t\t\t<div class=\"elementor-swiper-button elementor-swiper-button-prev\">\n\t\t\t\t\t\t<i aria-hidden=\"true\" class=\"eicon-chevron-left\"><\/i>\t\t\t\t\t\t<span class=\"elementor-screen-only\">Anterior<\/span>\n\t\t\t\t\t<\/div>\n\t\t\t\t\t<div class=\"elementor-swiper-button elementor-swiper-button-next\">\n\t\t\t\t\t\t<i aria-hidden=\"true\" class=\"eicon-chevron-right\"><\/i>\t\t\t\t\t\t<span class=\"elementor-screen-only\">Siguiente<\/span>\n\t\t\t\t\t<\/div>\n\t\t\t\t\t\t\t\t\t<\/div>\n\t\t\t\t<\/div>\n\t\t\t\t<\/div>\n\t\t\t\t\t\t<\/div>\n\t\t\t\t\t<\/div>\n\t\t<\/div>\n\t\t\t\t\t\t\t\t<\/div>\n\t\t\t\t\t<\/div>\n\t\t<\/section>\n\t\t\t\t<section class=\"elementor-section elementor-top-section elementor-element elementor-element-e8a88e5 elementor-section-boxed elementor-section-height-default elementor-section-height-default\" data-id=\"e8a88e5\" data-element_type=\"section\">\n\t\t\t\t\t\t<div class=\"elementor-container elementor-column-gap-default\">\n\t\t\t\t\t\t\t<div class=\"elementor-row\">\n\t\t\t\t\t<div class=\"elementor-column elementor-col-25 elementor-top-column elementor-element elementor-element-6c3f837\" data-id=\"6c3f837\" data-element_type=\"column\" data-settings=\"{&quot;background_background&quot;:&quot;classic&quot;}\">\n\t\t\t<div class=\"elementor-column-wrap elementor-element-populated\">\n\t\t\t\t\t\t\t<div class=\"elementor-widget-wrap\">\n\t\t\t\t\t\t<div class=\"elementor-element elementor-element-a523912 elementor-invisible elementor-widget elementor-widget-image\" data-id=\"a523912\" data-element_type=\"widget\" data-settings=\"{&quot;_animation&quot;:&quot;pulse&quot;,&quot;_animation_delay&quot;:0}\" data-widget_type=\"image.default\">\n\t\t\t\t<div class=\"elementor-widget-container\">\n\t\t\t\t\t\t\t\t<div class=\"elementor-image\">\n\t\t\t\t\t\t\t\t\t<figure class=\"wp-caption\">\n\t\t\t\t\t\t\t\t\t\t\t<a href=\"http:\/\/medioambiente.llanera.es\/wp-content\/uploads\/2020\/12\/Dioxido-de-azufre-1.pdf\" target=\"_blank\">\n\t\t\t\t\t\t\t<img src=\"http:\/\/medioambiente.llanera.es\/wp-content\/uploads\/2020\/12\/Oxidos-de-Azufre-SOx-1.jpg\" title=\"\u00d3xidos de Azufre (SOx)\" alt=\"\u00d3xidos de Azufre (SOx)\" \/>\t\t\t\t\t\t\t\t<\/a>\n\t\t\t\t\t\t\t\t\t\t\t<figcaption class=\"widget-image-caption wp-caption-text\"><\/figcaption>\n\t\t\t\t\t\t\t\t\t\t<\/figure>\n\t\t\t\t\t\t\t\t<\/div>\n\t\t\t\t\t\t<\/div>\n\t\t\t\t<\/div>\n\t\t\t\t\t\t<\/div>\n\t\t\t\t\t<\/div>\n\t\t<\/div>\n\t\t\t\t<div class=\"elementor-column elementor-col-25 elementor-top-column elementor-element elementor-element-9ab58c3\" data-id=\"9ab58c3\" data-element_type=\"column\" data-settings=\"{&quot;background_background&quot;:&quot;classic&quot;}\">\n\t\t\t<div class=\"elementor-column-wrap elementor-element-populated\">\n\t\t\t\t\t\t\t<div class=\"elementor-widget-wrap\">\n\t\t\t\t\t\t<div class=\"elementor-element elementor-element-fb0c8fd elementor-widget elementor-widget-image\" data-id=\"fb0c8fd\" data-element_type=\"widget\" data-widget_type=\"image.default\">\n\t\t\t\t<div class=\"elementor-widget-container\">\n\t\t\t\t\t\t\t\t<div class=\"elementor-image\">\n\t\t\t\t\t\t\t\t\t\t\t\t\t<a href=\"http:\/\/medioambiente.llanera.es\/wp-content\/uploads\/2020\/12\/Oxidos-de-Nitrogeno-1.pdf\" target=\"_blank\">\n\t\t\t\t\t\t\t<img src=\"http:\/\/medioambiente.llanera.es\/wp-content\/uploads\/elementor\/thumbs\/Oxido-de-nitrogeno-ozuoo60ecnghxt4qjtd8ofaw4z4fqf4un24b41nkkc.jpg\" title=\"Oxido de nitrogeno\" alt=\"Oxido de nitrogeno\" \/>\t\t\t\t\t\t\t\t<\/a>\n\t\t\t\t\t\t\t\t\t\t\t\t\t\t<\/div>\n\t\t\t\t\t\t<\/div>\n\t\t\t\t<\/div>\n\t\t\t\t\t\t<\/div>\n\t\t\t\t\t<\/div>\n\t\t<\/div>\n\t\t\t\t<div class=\"elementor-column elementor-col-25 elementor-top-column elementor-element elementor-element-3c5a589\" data-id=\"3c5a589\" data-element_type=\"column\" data-settings=\"{&quot;background_background&quot;:&quot;classic&quot;}\">\n\t\t\t<div class=\"elementor-column-wrap elementor-element-populated\">\n\t\t\t\t\t\t\t<div class=\"elementor-widget-wrap\">\n\t\t\t\t\t\t<div class=\"elementor-element elementor-element-2f5ea97 elementor-widget elementor-widget-image\" data-id=\"2f5ea97\" data-element_type=\"widget\" data-widget_type=\"image.default\">\n\t\t\t\t<div class=\"elementor-widget-container\">\n\t\t\t\t\t\t\t\t<div class=\"elementor-image\">\n\t\t\t\t\t\t\t\t\t\t\t\t\t<a href=\"http:\/\/medioambiente.llanera.es\/wp-content\/uploads\/2020\/12\/Particulas-1.pdf\" target=\"_blank\">\n\t\t\t\t\t\t\t<img src=\"http:\/\/medioambiente.llanera.es\/wp-content\/uploads\/elementor\/thumbs\/Particulas-PM10-PM2.5-1-ozuqng3smd1ad9lcbmkqrfr9uvshg442fv3v9fyspo.jpg\" title=\"Part\u00edculas PM10 PM2.5\" alt=\"Part\u00edculas PM10 PM2.5\" \/>\t\t\t\t\t\t\t\t<\/a>\n\t\t\t\t\t\t\t\t\t\t\t\t\t\t<\/div>\n\t\t\t\t\t\t<\/div>\n\t\t\t\t<\/div>\n\t\t\t\t\t\t<\/div>\n\t\t\t\t\t<\/div>\n\t\t<\/div>\n\t\t\t\t<div class=\"elementor-column elementor-col-25 elementor-top-column elementor-element elementor-element-5982e95\" data-id=\"5982e95\" data-element_type=\"column\" data-settings=\"{&quot;background_background&quot;:&quot;classic&quot;}\">\n\t\t\t<div class=\"elementor-column-wrap elementor-element-populated\">\n\t\t\t\t\t\t\t<div class=\"elementor-widget-wrap\">\n\t\t\t\t\t\t<div class=\"elementor-element elementor-element-cad7bc1 elementor-widget elementor-widget-image\" data-id=\"cad7bc1\" data-element_type=\"widget\" data-settings=\"{&quot;_animation&quot;:&quot;none&quot;}\" data-widget_type=\"image.default\">\n\t\t\t\t<div class=\"elementor-widget-container\">\n\t\t\t\t\t\t\t\t<div class=\"elementor-image\">\n\t\t\t\t\t\t\t\t\t\t\t\t\t<a href=\"http:\/\/medioambiente.llanera.es\/wp-content\/uploads\/2020\/12\/Ozono-Troposferico.pdf\" target=\"_blank\">\n\t\t\t\t\t\t\t<img src=\"http:\/\/medioambiente.llanera.es\/wp-content\/uploads\/elementor\/thumbs\/OzonoO3-Troposferico-ozpiewfhb0gcy4wklfe5sh4et8iyg3oy32mesnmb4s.jpg\" title=\"Ozono(O3) Trop\u00f3sferico\" alt=\"Ozono(O3) Trop\u00f3sferico\" \/>\t\t\t\t\t\t\t\t<\/a>\n\t\t\t\t\t\t\t\t\t\t\t\t\t\t<\/div>\n\t\t\t\t\t\t<\/div>\n\t\t\t\t<\/div>\n\t\t\t\t\t\t<\/div>\n\t\t\t\t\t<\/div>\n\t\t<\/div>\n\t\t\t\t\t\t\t\t<\/div>\n\t\t\t\t\t<\/div>\n\t\t<\/section>\n\t\t\t\t<section class=\"elementor-section elementor-top-section elementor-element elementor-element-3a02d44 elementor-section-boxed elementor-section-height-default elementor-section-height-default\" data-id=\"3a02d44\" data-element_type=\"section\">\n\t\t\t\t\t\t<div class=\"elementor-container elementor-column-gap-default\">\n\t\t\t\t\t\t\t<div class=\"elementor-row\">\n\t\t\t\t\t<div class=\"elementor-column elementor-col-25 elementor-top-column elementor-element elementor-element-ec1958b\" data-id=\"ec1958b\" data-element_type=\"column\" data-settings=\"{&quot;background_background&quot;:&quot;classic&quot;}\">\n\t\t\t<div class=\"elementor-column-wrap elementor-element-populated\">\n\t\t\t\t\t\t\t<div class=\"elementor-widget-wrap\">\n\t\t\t\t\t\t<div class=\"elementor-element elementor-element-fa77133 elementor-widget elementor-widget-image\" data-id=\"fa77133\" data-element_type=\"widget\" data-widget_type=\"image.default\">\n\t\t\t\t<div class=\"elementor-widget-container\">\n\t\t\t\t\t\t\t\t<div class=\"elementor-image\">\n\t\t\t\t\t\t\t\t\t\t\t\t\t<a href=\"http:\/\/medioambiente.llanera.es\/wp-content\/uploads\/2020\/12\/Monoxido-de-carbono.pdf\" target=\"_blank\">\n\t\t\t\t\t\t\t<img src=\"http:\/\/medioambiente.llanera.es\/wp-content\/uploads\/elementor\/thumbs\/Monoxido-de-Carbono-CO-ozutbwblwd2hothr4bglm3k088eda10j18zi1kyi8s.jpg\" title=\"Mon\u00f3xido de Carbono (CO)\" alt=\"Mon\u00f3xido de Carbono (CO)\" \/>\t\t\t\t\t\t\t\t<\/a>\n\t\t\t\t\t\t\t\t\t\t\t\t\t\t<\/div>\n\t\t\t\t\t\t<\/div>\n\t\t\t\t<\/div>\n\t\t\t\t\t\t<\/div>\n\t\t\t\t\t<\/div>\n\t\t<\/div>\n\t\t\t\t<div class=\"elementor-column elementor-col-25 elementor-top-column elementor-element elementor-element-a0a96ce\" data-id=\"a0a96ce\" data-element_type=\"column\" data-settings=\"{&quot;background_background&quot;:&quot;classic&quot;}\">\n\t\t\t<div class=\"elementor-column-wrap elementor-element-populated\">\n\t\t\t\t\t\t\t<div class=\"elementor-widget-wrap\">\n\t\t\t\t\t\t<div class=\"elementor-element elementor-element-516dc93 elementor-widget elementor-widget-image\" data-id=\"516dc93\" data-element_type=\"widget\" data-widget_type=\"image.default\">\n\t\t\t\t<div class=\"elementor-widget-container\">\n\t\t\t\t\t\t\t\t<div class=\"elementor-image\">\n\t\t\t\t\t\t\t\t\t\t\t\t\t<a href=\"http:\/\/medioambiente.llanera.es\/wp-content\/uploads\/2020\/12\/Benceno.pdf\" target=\"_blank\">\n\t\t\t\t\t\t\t<img src=\"http:\/\/medioambiente.llanera.es\/wp-content\/uploads\/elementor\/thumbs\/Benceno-C6H6-ozuw2ldji46cqu4qszadf6ydopxthwtwlqyw3imcws.jpg\" title=\"Benceno (C6H6)\" alt=\"Benceno (C6H6)\" \/>\t\t\t\t\t\t\t\t<\/a>\n\t\t\t\t\t\t\t\t\t\t\t\t\t\t<\/div>\n\t\t\t\t\t\t<\/div>\n\t\t\t\t<\/div>\n\t\t\t\t\t\t<\/div>\n\t\t\t\t\t<\/div>\n\t\t<\/div>\n\t\t\t\t<div class=\"elementor-column elementor-col-25 elementor-top-column elementor-element elementor-element-cab7230\" data-id=\"cab7230\" data-element_type=\"column\" data-settings=\"{&quot;background_background&quot;:&quot;classic&quot;}\">\n\t\t\t<div class=\"elementor-column-wrap elementor-element-populated\">\n\t\t\t\t\t\t\t<div class=\"elementor-widget-wrap\">\n\t\t\t\t\t\t<div class=\"elementor-element elementor-element-c020c8e elementor-widget elementor-widget-image\" data-id=\"c020c8e\" data-element_type=\"widget\" data-widget_type=\"image.default\">\n\t\t\t\t<div class=\"elementor-widget-container\">\n\t\t\t\t\t\t\t\t<div class=\"elementor-image\">\n\t\t\t\t\t\t\t\t\t\t\t\t\t<a href=\"http:\/\/medioambiente.llanera.es\/wp-content\/uploads\/2020\/12\/Benzo.pdf\" target=\"_blank\">\n\t\t\t\t\t\t\t<img src=\"http:\/\/medioambiente.llanera.es\/wp-content\/uploads\/elementor\/thumbs\/Benzoapireno-ozwdi67dkles300yggh41s95jkv5n5ayekujwqifh8.jpg\" title=\"Benzo(a)pireno\" alt=\"Benzo(a)pireno\" \/>\t\t\t\t\t\t\t\t<\/a>\n\t\t\t\t\t\t\t\t\t\t\t\t\t\t<\/div>\n\t\t\t\t\t\t<\/div>\n\t\t\t\t<\/div>\n\t\t\t\t\t\t<\/div>\n\t\t\t\t\t<\/div>\n\t\t<\/div>\n\t\t\t\t<div class=\"elementor-column elementor-col-25 elementor-top-column elementor-element elementor-element-acee938\" data-id=\"acee938\" data-element_type=\"column\" data-settings=\"{&quot;background_background&quot;:&quot;classic&quot;}\">\n\t\t\t<div class=\"elementor-column-wrap elementor-element-populated\">\n\t\t\t\t\t\t\t<div class=\"elementor-widget-wrap\">\n\t\t\t\t\t\t<div class=\"elementor-element elementor-element-40fe53b elementor-widget elementor-widget-image\" data-id=\"40fe53b\" data-element_type=\"widget\" data-widget_type=\"image.default\">\n\t\t\t\t<div class=\"elementor-widget-container\">\n\t\t\t\t\t\t\t\t<div class=\"elementor-image\">\n\t\t\t\t\t\t\t\t\t\t\t\t\t<a href=\"http:\/\/medioambiente.llanera.es\/wp-content\/uploads\/2020\/12\/metales.pdf\" target=\"_blank\">\n\t\t\t\t\t\t\t<img src=\"http:\/\/medioambiente.llanera.es\/wp-content\/uploads\/2020\/12\/metales.jpg\" title=\"metales\" alt=\"metales\" \/>\t\t\t\t\t\t\t\t<\/a>\n\t\t\t\t\t\t\t\t\t\t\t\t\t\t<\/div>\n\t\t\t\t\t\t<\/div>\n\t\t\t\t<\/div>\n\t\t\t\t\t\t<\/div>\n\t\t\t\t\t<\/div>\n\t\t<\/div>\n\t\t\t\t\t\t\t\t<\/div>\n\t\t\t\t\t<\/div>\n\t\t<\/section>\n\t\t\t\t\t\t<\/div>\n\t\t\t\t\t\t<\/div>\n\t\t\t\t\t<\/div>\n\t\t","protected":false},"excerpt":{"rendered":"<p>Contaminantes atmosf\u00e9ricos Su origen, puede ser natural o por acci\u00f3n del hombre (Antropog\u00e9nico). Podemos clasificarlos en primarios y secundarios. Siendo los primarios los que se vierten directamente a la atm\u00f3sfera y los secundarios&nbsp; los que se forman como consecuencia de transformaciones, reacciones qu\u00edmicas y fotoqu\u00edmicas que sufren los contaminantes primarios en el seno de la [&hellip;]<\/p>\n","protected":false},"author":3,"featured_media":0,"parent":657,"menu_order":1,"comment_status":"closed","ping_status":"closed","template":"elementor_header_footer","meta":[],"yoast_head":"<!-- This site is optimized with the Yoast SEO plugin v18.3 - https:\/\/yoast.com\/wordpress\/plugins\/seo\/ -->\r\n<title>Contaminantes Atmosf\u00e9ricos -<\/title>\r\n<meta name=\"robots\" content=\"index, follow, max-snippet:-1, max-image-preview:large, max-video-preview:-1\" \/>\r\n<link rel=\"canonical\" href=\"http:\/\/medioambiente.llanera.es\/?page_id=843\" \/>\r\n<meta property=\"og:locale\" content=\"es_ES\" \/>\r\n<meta property=\"og:type\" content=\"article\" \/>\r\n<meta property=\"og:title\" content=\"Contaminantes Atmosf\u00e9ricos -\" \/>\r\n<meta property=\"og:description\" content=\"Contaminantes atmosf\u00e9ricos Su origen, puede ser natural o por acci\u00f3n del hombre (Antropog\u00e9nico). Podemos clasificarlos en primarios y secundarios. Siendo los primarios los que se vierten directamente a la atm\u00f3sfera y los secundarios&nbsp; los que se forman como consecuencia de transformaciones, reacciones qu\u00edmicas y fotoqu\u00edmicas que sufren los contaminantes primarios en el seno de la [&hellip;]\" \/>\r\n<meta property=\"og:url\" content=\"http:\/\/medioambiente.llanera.es\/?page_id=843\" \/>\r\n<meta property=\"article:modified_time\" content=\"2021-05-26T07:17:25+00:00\" \/>\r\n<meta property=\"og:image\" content=\"http:\/\/medioambiente.llanera.es\/wp-content\/uploads\/elementor\/thumbs\/Incendios-forestalesel-Pais-ozpbai0d1xglzdc9slhrn6dxdgaisdsti0a9yh69s0.jpg\" \/>\r\n<meta name=\"twitter:card\" content=\"summary_large_image\" \/>\r\n<script type=\"application\/ld+json\" class=\"yoast-schema-graph\">{\"@context\":\"https:\/\/schema.org\",\"@graph\":[{\"@type\":\"Organization\",\"@id\":\"http:\/\/medioambiente.llanera.es\/#organization\",\"name\":\"Ayuntamiento de Llanera\",\"url\":\"http:\/\/medioambiente.llanera.es\/\",\"sameAs\":[],\"logo\":{\"@type\":\"ImageObject\",\"@id\":\"http:\/\/medioambiente.llanera.es\/#logo\",\"inLanguage\":\"es\",\"url\":\"http:\/\/medioambiente.llanera.es\/wp-content\/uploads\/2021\/05\/escudop1.jpg\",\"contentUrl\":\"http:\/\/medioambiente.llanera.es\/wp-content\/uploads\/2021\/05\/escudop1.jpg\",\"width\":200,\"height\":150,\"caption\":\"Ayuntamiento de Llanera\"},\"image\":{\"@id\":\"http:\/\/medioambiente.llanera.es\/#logo\"}},{\"@type\":\"WebSite\",\"@id\":\"http:\/\/medioambiente.llanera.es\/#website\",\"url\":\"http:\/\/medioambiente.llanera.es\/\",\"name\":\"\",\"description\":\"\",\"publisher\":{\"@id\":\"http:\/\/medioambiente.llanera.es\/#organization\"},\"potentialAction\":[{\"@type\":\"SearchAction\",\"target\":{\"@type\":\"EntryPoint\",\"urlTemplate\":\"http:\/\/medioambiente.llanera.es\/?s={search_term_string}\"},\"query-input\":\"required name=search_term_string\"}],\"inLanguage\":\"es\"},{\"@type\":\"ImageObject\",\"@id\":\"http:\/\/medioambiente.llanera.es\/?page_id=843#primaryimage\",\"inLanguage\":\"es\",\"url\":\"http:\/\/medioambiente.llanera.es\/wp-content\/uploads\/elementor\/thumbs\/Incendios-forestalesel-Pais-ozpbai0d1xglzdc9slhrn6dxdgaisdsti0a9yh69s0.jpg\",\"contentUrl\":\"http:\/\/medioambiente.llanera.es\/wp-content\/uploads\/elementor\/thumbs\/Incendios-forestalesel-Pais-ozpbai0d1xglzdc9slhrn6dxdgaisdsti0a9yh69s0.jpg\"},{\"@type\":\"WebPage\",\"@id\":\"http:\/\/medioambiente.llanera.es\/?page_id=843#webpage\",\"url\":\"http:\/\/medioambiente.llanera.es\/?page_id=843\",\"name\":\"Contaminantes Atmosf\u00e9ricos -\",\"isPartOf\":{\"@id\":\"http:\/\/medioambiente.llanera.es\/#website\"},\"primaryImageOfPage\":{\"@id\":\"http:\/\/medioambiente.llanera.es\/?page_id=843#primaryimage\"},\"datePublished\":\"2020-12-11T07:19:46+00:00\",\"dateModified\":\"2021-05-26T07:17:25+00:00\",\"breadcrumb\":{\"@id\":\"http:\/\/medioambiente.llanera.es\/?page_id=843#breadcrumb\"},\"inLanguage\":\"es\",\"potentialAction\":[{\"@type\":\"ReadAction\",\"target\":[\"http:\/\/medioambiente.llanera.es\/?page_id=843\"]}]},{\"@type\":\"BreadcrumbList\",\"@id\":\"http:\/\/medioambiente.llanera.es\/?page_id=843#breadcrumb\",\"itemListElement\":[{\"@type\":\"ListItem\",\"position\":1,\"name\":\"Portada\",\"item\":\"http:\/\/medioambiente.llanera.es\/\"},{\"@type\":\"ListItem\",\"position\":2,\"name\":\"Aire\",\"item\":\"http:\/\/medioambiente.llanera.es\/?page_id=657\"},{\"@type\":\"ListItem\",\"position\":3,\"name\":\"Contaminantes Atmosf\u00e9ricos\"}]}]}<\/script>\r\n<!-- \/ Yoast SEO plugin. -->","yoast_head_json":{"title":"Contaminantes Atmosf\u00e9ricos -","robots":{"index":"index","follow":"follow","max-snippet":"max-snippet:-1","max-image-preview":"max-image-preview:large","max-video-preview":"max-video-preview:-1"},"canonical":"http:\/\/medioambiente.llanera.es\/?page_id=843","og_locale":"es_ES","og_type":"article","og_title":"Contaminantes Atmosf\u00e9ricos -","og_description":"Contaminantes atmosf\u00e9ricos Su origen, puede ser natural o por acci\u00f3n del hombre (Antropog\u00e9nico). Podemos clasificarlos en primarios y secundarios. Siendo los primarios los que se vierten directamente a la atm\u00f3sfera y los secundarios&nbsp; los que se forman como consecuencia de transformaciones, reacciones qu\u00edmicas y fotoqu\u00edmicas que sufren los contaminantes primarios en el seno de la [&hellip;]","og_url":"http:\/\/medioambiente.llanera.es\/?page_id=843","article_modified_time":"2021-05-26T07:17:25+00:00","og_image":[{"url":"http:\/\/medioambiente.llanera.es\/wp-content\/uploads\/elementor\/thumbs\/Incendios-forestalesel-Pais-ozpbai0d1xglzdc9slhrn6dxdgaisdsti0a9yh69s0.jpg"}],"twitter_card":"summary_large_image","schema":{"@context":"https:\/\/schema.org","@graph":[{"@type":"Organization","@id":"http:\/\/medioambiente.llanera.es\/#organization","name":"Ayuntamiento de Llanera","url":"http:\/\/medioambiente.llanera.es\/","sameAs":[],"logo":{"@type":"ImageObject","@id":"http:\/\/medioambiente.llanera.es\/#logo","inLanguage":"es","url":"http:\/\/medioambiente.llanera.es\/wp-content\/uploads\/2021\/05\/escudop1.jpg","contentUrl":"http:\/\/medioambiente.llanera.es\/wp-content\/uploads\/2021\/05\/escudop1.jpg","width":200,"height":150,"caption":"Ayuntamiento de Llanera"},"image":{"@id":"http:\/\/medioambiente.llanera.es\/#logo"}},{"@type":"WebSite","@id":"http:\/\/medioambiente.llanera.es\/#website","url":"http:\/\/medioambiente.llanera.es\/","name":"","description":"","publisher":{"@id":"http:\/\/medioambiente.llanera.es\/#organization"},"potentialAction":[{"@type":"SearchAction","target":{"@type":"EntryPoint","urlTemplate":"http:\/\/medioambiente.llanera.es\/?s={search_term_string}"},"query-input":"required name=search_term_string"}],"inLanguage":"es"},{"@type":"ImageObject","@id":"http:\/\/medioambiente.llanera.es\/?page_id=843#primaryimage","inLanguage":"es","url":"http:\/\/medioambiente.llanera.es\/wp-content\/uploads\/elementor\/thumbs\/Incendios-forestalesel-Pais-ozpbai0d1xglzdc9slhrn6dxdgaisdsti0a9yh69s0.jpg","contentUrl":"http:\/\/medioambiente.llanera.es\/wp-content\/uploads\/elementor\/thumbs\/Incendios-forestalesel-Pais-ozpbai0d1xglzdc9slhrn6dxdgaisdsti0a9yh69s0.jpg"},{"@type":"WebPage","@id":"http:\/\/medioambiente.llanera.es\/?page_id=843#webpage","url":"http:\/\/medioambiente.llanera.es\/?page_id=843","name":"Contaminantes Atmosf\u00e9ricos -","isPartOf":{"@id":"http:\/\/medioambiente.llanera.es\/#website"},"primaryImageOfPage":{"@id":"http:\/\/medioambiente.llanera.es\/?page_id=843#primaryimage"},"datePublished":"2020-12-11T07:19:46+00:00","dateModified":"2021-05-26T07:17:25+00:00","breadcrumb":{"@id":"http:\/\/medioambiente.llanera.es\/?page_id=843#breadcrumb"},"inLanguage":"es","potentialAction":[{"@type":"ReadAction","target":["http:\/\/medioambiente.llanera.es\/?page_id=843"]}]},{"@type":"BreadcrumbList","@id":"http:\/\/medioambiente.llanera.es\/?page_id=843#breadcrumb","itemListElement":[{"@type":"ListItem","position":1,"name":"Portada","item":"http:\/\/medioambiente.llanera.es\/"},{"@type":"ListItem","position":2,"name":"Aire","item":"http:\/\/medioambiente.llanera.es\/?page_id=657"},{"@type":"ListItem","position":3,"name":"Contaminantes Atmosf\u00e9ricos"}]}]}},"blog_post_layout_featured_media_urls":{"thumbnail":"","full":""},"categories_names":null,"comments_number":"0","wpmagazine_modules_lite_featured_media_urls":{"thumbnail":"","cvmm-medium":"","cvmm-medium-plus":"","cvmm-portrait":"","cvmm-medium-square":"","cvmm-large":"","cvmm-small":"","full":""},"_links":{"self":[{"href":"http:\/\/medioambiente.llanera.es\/index.php?rest_route=\/wp\/v2\/pages\/843"}],"collection":[{"href":"http:\/\/medioambiente.llanera.es\/index.php?rest_route=\/wp\/v2\/pages"}],"about":[{"href":"http:\/\/medioambiente.llanera.es\/index.php?rest_route=\/wp\/v2\/types\/page"}],"author":[{"embeddable":true,"href":"http:\/\/medioambiente.llanera.es\/index.php?rest_route=\/wp\/v2\/users\/3"}],"replies":[{"embeddable":true,"href":"http:\/\/medioambiente.llanera.es\/index.php?rest_route=%2Fwp%2Fv2%2Fcomments&post=843"}],"version-history":[{"count":36,"href":"http:\/\/medioambiente.llanera.es\/index.php?rest_route=\/wp\/v2\/pages\/843\/revisions"}],"predecessor-version":[{"id":3060,"href":"http:\/\/medioambiente.llanera.es\/index.php?rest_route=\/wp\/v2\/pages\/843\/revisions\/3060"}],"up":[{"embeddable":true,"href":"http:\/\/medioambiente.llanera.es\/index.php?rest_route=\/wp\/v2\/pages\/657"}],"wp:attachment":[{"href":"http:\/\/medioambiente.llanera.es\/index.php?rest_route=%2Fwp%2Fv2%2Fmedia&parent=843"}],"curies":[{"name":"wp","href":"https:\/\/api.w.org\/{rel}","templated":true}]}}