{"id":1883,"date":"2021-02-08T13:33:48","date_gmt":"2021-02-08T12:33:48","guid":{"rendered":"http:\/\/medioambiente.llanera.es\/?page_id=1883"},"modified":"2021-03-08T12:08:23","modified_gmt":"2021-03-08T11:08:23","slug":"abastecimiento","status":"publish","type":"page","link":"http:\/\/medioambiente.llanera.es\/?page_id=1883","title":{"rendered":"Abastecimiento"},"content":{"rendered":"\t\t<div data-elementor-type=\"wp-page\" data-elementor-id=\"1883\" class=\"elementor elementor-1883\" data-elementor-settings=\"[]\">\n\t\t\t\t\t\t<div class=\"elementor-inner\">\n\t\t\t\t\t\t\t<div class=\"elementor-section-wrap\">\n\t\t\t\t\t\t\t<section class=\"elementor-section elementor-top-section elementor-element elementor-element-c57d18a elementor-section-boxed elementor-section-height-default elementor-section-height-default\" data-id=\"c57d18a\" data-element_type=\"section\">\n\t\t\t\t\t\t<div class=\"elementor-container elementor-column-gap-default\">\n\t\t\t\t\t\t\t<div class=\"elementor-row\">\n\t\t\t\t\t<div class=\"elementor-column elementor-col-100 elementor-top-column elementor-element elementor-element-b1696e9\" data-id=\"b1696e9\" data-element_type=\"column\">\n\t\t\t<div class=\"elementor-column-wrap elementor-element-populated\">\n\t\t\t\t\t\t\t<div class=\"elementor-widget-wrap\">\n\t\t\t\t\t\t<div class=\"elementor-element elementor-element-47148ad elementor-widget elementor-widget-heading\" data-id=\"47148ad\" data-element_type=\"widget\" data-widget_type=\"heading.default\">\n\t\t\t\t<div class=\"elementor-widget-container\">\n\t\t\t<h2 class=\"elementor-heading-title elementor-size-default\">Abastecimiento de Agua en la Zona Central <\/h2>\t\t<\/div>\n\t\t\t\t<\/div>\n\t\t\t\t<section class=\"elementor-section elementor-inner-section elementor-element elementor-element-80f5277 elementor-section-boxed elementor-section-height-default elementor-section-height-default\" data-id=\"80f5277\" data-element_type=\"section\">\n\t\t\t\t\t\t<div class=\"elementor-container elementor-column-gap-default\">\n\t\t\t\t\t\t\t<div class=\"elementor-row\">\n\t\t\t\t\t<div class=\"elementor-column elementor-col-50 elementor-inner-column elementor-element elementor-element-d6183f5\" data-id=\"d6183f5\" data-element_type=\"column\">\n\t\t\t<div class=\"elementor-column-wrap elementor-element-populated\">\n\t\t\t\t\t\t\t<div class=\"elementor-widget-wrap\">\n\t\t\t\t\t\t<div class=\"elementor-element elementor-element-750a6f7 elementor-widget elementor-widget-text-editor\" data-id=\"750a6f7\" data-element_type=\"widget\" data-widget_type=\"text-editor.default\">\n\t\t\t\t<div class=\"elementor-widget-container\">\n\t\t\t\t\t\t\t\t<div class=\"elementor-text-editor elementor-clearfix\">\n\t\t\t\t<p><span style=\"color: #5c1c15;\">El abastecimiento de agua para consumo incluye las etapas de captaci\u00f3n, aducci\u00f3n (conducci\u00f3n desde la captaci\u00f3n hasta el dep\u00f3sito de cabecera), tratamiento, almacenamiento y distribuci\u00f3n.<\/span><\/p><p style=\"text-align: left;\"><span style=\"color: #5c1c15;\">El dispositivo de abastecimiento de agua a la zona central de Asturias con base en los embalses de Tanes y Rioseco para el abastecimiento est\u00e1 gestionado por CADASA.<\/span><\/p><p style=\"text-align: left;\"><span style=\"color: #5c1c15;\">El Principado es responsable de la gesti\u00f3n de los servicios de titularidad regional. El Consorcio de Aguas gestiona el sistema de abastecimiento compartido por los municipios consorciados, si bien los Ayuntamientos mantienen la gesti\u00f3n de los sistemas de abastecimiento de titularidad local.<\/span><\/p><p style=\"text-align: left;\"><span style=\"color: #5c1c15;\">El sistema de abastecimiento de la zona central de Asturias nace en los embalses de Tanes y Rioseco. Tras la captaci\u00f3n, el agua bruta se potabiliza en la ETAP de Rioseco y despu\u00e9s es distribuida a los diferentes puntos de conexi\u00f3n a red municipal y a los dep\u00f3sitos generales de Celles (capacidad 130.000 m3) y N\u00fa\u00f1ez (25.000 m3). Como infraestructuras de impulsi\u00f3n existen los bombeos de Ablaneda (Corvera de Asturias) y Lamasanti (Sariego).<\/span><\/p><p>\u00a0<\/p><p style=\"padding-left: 40px;\" align=\"justify\">\u00a0<\/p>\t\t\t\t\t<\/div>\n\t\t\t\t\t\t<\/div>\n\t\t\t\t<\/div>\n\t\t\t\t\t\t<\/div>\n\t\t\t\t\t<\/div>\n\t\t<\/div>\n\t\t\t\t<div class=\"elementor-column elementor-col-50 elementor-inner-column elementor-element elementor-element-8e85b3b\" data-id=\"8e85b3b\" data-element_type=\"column\">\n\t\t\t<div class=\"elementor-column-wrap elementor-element-populated\">\n\t\t\t\t\t\t\t<div class=\"elementor-widget-wrap\">\n\t\t\t\t\t\t<div class=\"elementor-element elementor-element-0f6f22a elementor-widget elementor-widget-image\" data-id=\"0f6f22a\" data-element_type=\"widget\" data-widget_type=\"image.default\">\n\t\t\t\t<div class=\"elementor-widget-container\">\n\t\t\t\t\t\t\t\t<div class=\"elementor-image\">\n\t\t\t\t\t\t\t\t\t\t\t\t\t<a href=\"http:\/\/medioambiente.llanera.es\/wp-content\/uploads\/2021\/03\/abastzc-1.jpg\" data-elementor-open-lightbox=\"yes\" data-elementor-lightbox-title=\"abastzc (1)\" e-action-hash=\"#elementor-action%3Aaction%3Dlightbox%26settings%3DeyJpZCI6MjYxNCwidXJsIjoiaHR0cDpcL1wvbWVkaW9hbWJpZW50ZS5sbGFuZXJhLmVzXC93cC1jb250ZW50XC91cGxvYWRzXC8yMDIxXC8wM1wvYWJhc3R6Yy0xLmpwZyJ9\">\n\t\t\t\t\t\t\t<img width=\"1024\" height=\"728\" src=\"http:\/\/medioambiente.llanera.es\/wp-content\/uploads\/2021\/03\/abastzc-1-1024x728.jpg\" class=\"attachment-large size-large\" alt=\"\" loading=\"lazy\" srcset=\"http:\/\/medioambiente.llanera.es\/wp-content\/uploads\/2021\/03\/abastzc-1-1024x728.jpg 1024w, http:\/\/medioambiente.llanera.es\/wp-content\/uploads\/2021\/03\/abastzc-1-300x213.jpg 300w, http:\/\/medioambiente.llanera.es\/wp-content\/uploads\/2021\/03\/abastzc-1-768x546.jpg 768w, http:\/\/medioambiente.llanera.es\/wp-content\/uploads\/2021\/03\/abastzc-1.jpg 1280w\" sizes=\"(max-width: 1024px) 100vw, 1024px\" \/>\t\t\t\t\t\t\t\t<\/a>\n\t\t\t\t\t\t\t\t\t\t\t\t\t\t<\/div>\n\t\t\t\t\t\t<\/div>\n\t\t\t\t<\/div>\n\t\t\t\t\t\t<\/div>\n\t\t\t\t\t<\/div>\n\t\t<\/div>\n\t\t\t\t\t\t\t\t<\/div>\n\t\t\t\t\t<\/div>\n\t\t<\/section>\n\t\t\t\t\t\t<\/div>\n\t\t\t\t\t<\/div>\n\t\t<\/div>\n\t\t\t\t\t\t\t\t<\/div>\n\t\t\t\t\t<\/div>\n\t\t<\/section>\n\t\t\t\t<section class=\"elementor-section elementor-top-section elementor-element elementor-element-7ff7980 elementor-section-boxed elementor-section-height-default elementor-section-height-default\" data-id=\"7ff7980\" data-element_type=\"section\">\n\t\t\t\t\t\t<div class=\"elementor-container elementor-column-gap-default\">\n\t\t\t\t\t\t\t<div class=\"elementor-row\">\n\t\t\t\t\t<div class=\"elementor-column elementor-col-50 elementor-top-column elementor-element elementor-element-41dd681\" data-id=\"41dd681\" data-element_type=\"column\">\n\t\t\t<div class=\"elementor-column-wrap elementor-element-populated\">\n\t\t\t\t\t\t\t<div class=\"elementor-widget-wrap\">\n\t\t\t\t\t\t<div class=\"elementor-element elementor-element-f782a50 elementor-align-center elementor-widget elementor-widget-button\" data-id=\"f782a50\" data-element_type=\"widget\" data-widget_type=\"button.default\">\n\t\t\t\t<div class=\"elementor-widget-container\">\n\t\t\t\t\t<div class=\"elementor-button-wrapper\">\n\t\t\t<a href=\"https:\/\/consorcioaa.com\/abastecimiento\/zona-central\/\" target=\"_blank\" class=\"elementor-button-link elementor-button elementor-size-sm elementor-animation-skew-forward\" role=\"button\">\n\t\t\t\t\t\t<span class=\"elementor-button-content-wrapper\">\n\t\t\t\t\t\t<span class=\"elementor-button-icon elementor-align-icon-left\">\n\t\t\t\t<i aria-hidden=\"true\" class=\"fas fa-info\"><\/i>\t\t\t<\/span>\n\t\t\t\t\t\t<span class=\"elementor-button-text\">M\u00e1s Informaci\u00f3n<\/span>\n\t\t<\/span>\n\t\t\t\t\t<\/a>\n\t\t<\/div>\n\t\t\t\t<\/div>\n\t\t\t\t<\/div>\n\t\t\t\t\t\t<\/div>\n\t\t\t\t\t<\/div>\n\t\t<\/div>\n\t\t\t\t<div class=\"elementor-column elementor-col-50 elementor-top-column elementor-element elementor-element-e1cc874\" data-id=\"e1cc874\" data-element_type=\"column\">\n\t\t\t<div class=\"elementor-column-wrap elementor-element-populated\">\n\t\t\t\t\t\t\t<div class=\"elementor-widget-wrap\">\n\t\t\t\t\t\t<section class=\"elementor-section elementor-inner-section elementor-element elementor-element-17e354e elementor-section-boxed elementor-section-height-default elementor-section-height-default\" data-id=\"17e354e\" data-element_type=\"section\">\n\t\t\t\t\t\t<div class=\"elementor-container elementor-column-gap-default\">\n\t\t\t\t\t\t\t<div class=\"elementor-row\">\n\t\t\t\t\t<div class=\"elementor-column elementor-col-50 elementor-inner-column elementor-element elementor-element-8becbc1\" data-id=\"8becbc1\" data-element_type=\"column\">\n\t\t\t<div class=\"elementor-column-wrap elementor-element-populated\">\n\t\t\t\t\t\t\t<div class=\"elementor-widget-wrap\">\n\t\t\t\t\t\t<div class=\"elementor-element elementor-element-7b986fb elementor-widget elementor-widget-image\" data-id=\"7b986fb\" data-element_type=\"widget\" data-widget_type=\"image.default\">\n\t\t\t\t<div class=\"elementor-widget-container\">\n\t\t\t\t\t\t\t\t<div class=\"elementor-image\">\n\t\t\t\t\t\t\t\t\t\t\t\t\t<a href=\"http:\/\/medioambiente.llanera.es\/wp-content\/uploads\/2021\/02\/logo-estudios-1-1.jpg\" data-elementor-open-lightbox=\"yes\" data-elementor-lightbox-title=\"logo estudios (1) (1)\" e-action-hash=\"#elementor-action%3Aaction%3Dlightbox%26settings%3DeyJpZCI6MTk3MywidXJsIjoiaHR0cDpcL1wvbWVkaW9hbWJpZW50ZS5sbGFuZXJhLmVzXC93cC1jb250ZW50XC91cGxvYWRzXC8yMDIxXC8wMlwvbG9nby1lc3R1ZGlvcy0xLTEuanBnIn0%3D\">\n\t\t\t\t\t\t\t<img src=\"http:\/\/medioambiente.llanera.es\/wp-content\/uploads\/elementor\/thumbs\/logo-estudios-1-1-p2mkat7yf3uur47a6h8nkpz2ucwnspv0bmhm7uwun4.jpg\" title=\"logo estudios (1) (1)\" alt=\"logo estudios (1) (1)\" \/>\t\t\t\t\t\t\t\t<\/a>\n\t\t\t\t\t\t\t\t\t\t\t\t\t\t<\/div>\n\t\t\t\t\t\t<\/div>\n\t\t\t\t<\/div>\n\t\t\t\t\t\t<\/div>\n\t\t\t\t\t<\/div>\n\t\t<\/div>\n\t\t\t\t<div class=\"elementor-column elementor-col-50 elementor-inner-column elementor-element elementor-element-92daf6e\" data-id=\"92daf6e\" data-element_type=\"column\">\n\t\t\t<div class=\"elementor-column-wrap elementor-element-populated\">\n\t\t\t\t\t\t\t<div class=\"elementor-widget-wrap\">\n\t\t\t\t\t\t<div class=\"elementor-element elementor-element-e877ef6 elementor-align-center elementor-widget elementor-widget-button\" data-id=\"e877ef6\" data-element_type=\"widget\" data-widget_type=\"button.default\">\n\t\t\t\t<div class=\"elementor-widget-container\">\n\t\t\t\t\t<div class=\"elementor-button-wrapper\">\n\t\t\t<a href=\"https:\/\/aqualiaeduca.com\/ciclo-integral-del-agua\/\" target=\"_blank\" class=\"elementor-button-link elementor-button elementor-size-sm elementor-animation-skew-forward\" role=\"button\">\n\t\t\t\t\t\t<span class=\"elementor-button-content-wrapper\">\n\t\t\t\t\t\t<span class=\"elementor-button-icon elementor-align-icon-left\">\n\t\t\t\t<i aria-hidden=\"true\" class=\"fas fa-water\"><\/i>\t\t\t<\/span>\n\t\t\t\t\t\t<span class=\"elementor-button-text\">Ciclo del Agua<\/span>\n\t\t<\/span>\n\t\t\t\t\t<\/a>\n\t\t<\/div>\n\t\t\t\t<\/div>\n\t\t\t\t<\/div>\n\t\t\t\t\t\t<\/div>\n\t\t\t\t\t<\/div>\n\t\t<\/div>\n\t\t\t\t\t\t\t\t<\/div>\n\t\t\t\t\t<\/div>\n\t\t<\/section>\n\t\t\t\t\t\t<\/div>\n\t\t\t\t\t<\/div>\n\t\t<\/div>\n\t\t\t\t\t\t\t\t<\/div>\n\t\t\t\t\t<\/div>\n\t\t<\/section>\n\t\t\t\t\t\t<\/div>\n\t\t\t\t\t\t<\/div>\n\t\t\t\t\t<\/div>\n\t\t","protected":false},"excerpt":{"rendered":"<p>Abastecimiento de Agua en la Zona Central El abastecimiento de agua para consumo incluye las etapas de captaci\u00f3n, aducci\u00f3n (conducci\u00f3n desde la captaci\u00f3n hasta el dep\u00f3sito de cabecera), tratamiento, almacenamiento y distribuci\u00f3n. El dispositivo de abastecimiento de agua a la zona central de Asturias con base en los embalses de Tanes y Rioseco para el [&hellip;]<\/p>\n","protected":false},"author":3,"featured_media":0,"parent":656,"menu_order":1,"comment_status":"closed","ping_status":"closed","template":"elementor_header_footer","meta":[],"yoast_head":"<!-- This site is optimized with the Yoast SEO plugin v18.3 - https:\/\/yoast.com\/wordpress\/plugins\/seo\/ -->\r\n<title>Abastecimiento -<\/title>\r\n<meta name=\"robots\" content=\"index, follow, max-snippet:-1, max-image-preview:large, max-video-preview:-1\" \/>\r\n<link rel=\"canonical\" href=\"http:\/\/medioambiente.llanera.es\/?page_id=1883\" \/>\r\n<meta property=\"og:locale\" content=\"es_ES\" \/>\r\n<meta property=\"og:type\" content=\"article\" \/>\r\n<meta property=\"og:title\" content=\"Abastecimiento -\" \/>\r\n<meta property=\"og:description\" content=\"Abastecimiento de Agua en la Zona Central El abastecimiento de agua para consumo incluye las etapas de captaci\u00f3n, aducci\u00f3n (conducci\u00f3n desde la captaci\u00f3n hasta el dep\u00f3sito de cabecera), tratamiento, almacenamiento y distribuci\u00f3n. El dispositivo de abastecimiento de agua a la zona central de Asturias con base en los embalses de Tanes y Rioseco para el [&hellip;]\" \/>\r\n<meta property=\"og:url\" content=\"http:\/\/medioambiente.llanera.es\/?page_id=1883\" \/>\r\n<meta property=\"article:modified_time\" content=\"2021-03-08T11:08:23+00:00\" \/>\r\n<meta property=\"og:image\" content=\"http:\/\/medioambiente.llanera.es\/wp-content\/uploads\/2021\/03\/abastzc-1-1024x728.jpg\" \/>\r\n<meta name=\"twitter:card\" content=\"summary_large_image\" \/>\r\n<meta name=\"twitter:label1\" content=\"Tiempo de lectura\" \/>\n\t<meta name=\"twitter:data1\" content=\"1 minuto\" \/>\r\n<script type=\"application\/ld+json\" class=\"yoast-schema-graph\">{\"@context\":\"https:\/\/schema.org\",\"@graph\":[{\"@type\":\"Organization\",\"@id\":\"http:\/\/medioambiente.llanera.es\/#organization\",\"name\":\"Ayuntamiento de Llanera\",\"url\":\"http:\/\/medioambiente.llanera.es\/\",\"sameAs\":[],\"logo\":{\"@type\":\"ImageObject\",\"@id\":\"http:\/\/medioambiente.llanera.es\/#logo\",\"inLanguage\":\"es\",\"url\":\"http:\/\/medioambiente.llanera.es\/wp-content\/uploads\/2021\/05\/escudop1.jpg\",\"contentUrl\":\"http:\/\/medioambiente.llanera.es\/wp-content\/uploads\/2021\/05\/escudop1.jpg\",\"width\":200,\"height\":150,\"caption\":\"Ayuntamiento de Llanera\"},\"image\":{\"@id\":\"http:\/\/medioambiente.llanera.es\/#logo\"}},{\"@type\":\"WebSite\",\"@id\":\"http:\/\/medioambiente.llanera.es\/#website\",\"url\":\"http:\/\/medioambiente.llanera.es\/\",\"name\":\"\",\"description\":\"\",\"publisher\":{\"@id\":\"http:\/\/medioambiente.llanera.es\/#organization\"},\"potentialAction\":[{\"@type\":\"SearchAction\",\"target\":{\"@type\":\"EntryPoint\",\"urlTemplate\":\"http:\/\/medioambiente.llanera.es\/?s={search_term_string}\"},\"query-input\":\"required name=search_term_string\"}],\"inLanguage\":\"es\"},{\"@type\":\"ImageObject\",\"@id\":\"http:\/\/medioambiente.llanera.es\/?page_id=1883#primaryimage\",\"inLanguage\":\"es\",\"url\":\"http:\/\/medioambiente.llanera.es\/wp-content\/uploads\/2021\/03\/abastzc-1.jpg\",\"contentUrl\":\"http:\/\/medioambiente.llanera.es\/wp-content\/uploads\/2021\/03\/abastzc-1.jpg\",\"width\":1280,\"height\":910},{\"@type\":\"WebPage\",\"@id\":\"http:\/\/medioambiente.llanera.es\/?page_id=1883#webpage\",\"url\":\"http:\/\/medioambiente.llanera.es\/?page_id=1883\",\"name\":\"Abastecimiento -\",\"isPartOf\":{\"@id\":\"http:\/\/medioambiente.llanera.es\/#website\"},\"primaryImageOfPage\":{\"@id\":\"http:\/\/medioambiente.llanera.es\/?page_id=1883#primaryimage\"},\"datePublished\":\"2021-02-08T12:33:48+00:00\",\"dateModified\":\"2021-03-08T11:08:23+00:00\",\"breadcrumb\":{\"@id\":\"http:\/\/medioambiente.llanera.es\/?page_id=1883#breadcrumb\"},\"inLanguage\":\"es\",\"potentialAction\":[{\"@type\":\"ReadAction\",\"target\":[\"http:\/\/medioambiente.llanera.es\/?page_id=1883\"]}]},{\"@type\":\"BreadcrumbList\",\"@id\":\"http:\/\/medioambiente.llanera.es\/?page_id=1883#breadcrumb\",\"itemListElement\":[{\"@type\":\"ListItem\",\"position\":1,\"name\":\"Portada\",\"item\":\"http:\/\/medioambiente.llanera.es\/\"},{\"@type\":\"ListItem\",\"position\":2,\"name\":\"Agua\",\"item\":\"http:\/\/medioambiente.llanera.es\/?page_id=656\"},{\"@type\":\"ListItem\",\"position\":3,\"name\":\"Abastecimiento\"}]}]}<\/script>\r\n<!-- \/ Yoast SEO plugin. -->","yoast_head_json":{"title":"Abastecimiento -","robots":{"index":"index","follow":"follow","max-snippet":"max-snippet:-1","max-image-preview":"max-image-preview:large","max-video-preview":"max-video-preview:-1"},"canonical":"http:\/\/medioambiente.llanera.es\/?page_id=1883","og_locale":"es_ES","og_type":"article","og_title":"Abastecimiento -","og_description":"Abastecimiento de Agua en la Zona Central El abastecimiento de agua para consumo incluye las etapas de captaci\u00f3n, aducci\u00f3n (conducci\u00f3n desde la captaci\u00f3n hasta el dep\u00f3sito de cabecera), tratamiento, almacenamiento y distribuci\u00f3n. El dispositivo de abastecimiento de agua a la zona central de Asturias con base en los embalses de Tanes y Rioseco para el [&hellip;]","og_url":"http:\/\/medioambiente.llanera.es\/?page_id=1883","article_modified_time":"2021-03-08T11:08:23+00:00","og_image":[{"url":"http:\/\/medioambiente.llanera.es\/wp-content\/uploads\/2021\/03\/abastzc-1-1024x728.jpg"}],"twitter_card":"summary_large_image","twitter_misc":{"Tiempo de lectura":"1 minuto"},"schema":{"@context":"https:\/\/schema.org","@graph":[{"@type":"Organization","@id":"http:\/\/medioambiente.llanera.es\/#organization","name":"Ayuntamiento de Llanera","url":"http:\/\/medioambiente.llanera.es\/","sameAs":[],"logo":{"@type":"ImageObject","@id":"http:\/\/medioambiente.llanera.es\/#logo","inLanguage":"es","url":"http:\/\/medioambiente.llanera.es\/wp-content\/uploads\/2021\/05\/escudop1.jpg","contentUrl":"http:\/\/medioambiente.llanera.es\/wp-content\/uploads\/2021\/05\/escudop1.jpg","width":200,"height":150,"caption":"Ayuntamiento de Llanera"},"image":{"@id":"http:\/\/medioambiente.llanera.es\/#logo"}},{"@type":"WebSite","@id":"http:\/\/medioambiente.llanera.es\/#website","url":"http:\/\/medioambiente.llanera.es\/","name":"","description":"","publisher":{"@id":"http:\/\/medioambiente.llanera.es\/#organization"},"potentialAction":[{"@type":"SearchAction","target":{"@type":"EntryPoint","urlTemplate":"http:\/\/medioambiente.llanera.es\/?s={search_term_string}"},"query-input":"required name=search_term_string"}],"inLanguage":"es"},{"@type":"ImageObject","@id":"http:\/\/medioambiente.llanera.es\/?page_id=1883#primaryimage","inLanguage":"es","url":"http:\/\/medioambiente.llanera.es\/wp-content\/uploads\/2021\/03\/abastzc-1.jpg","contentUrl":"http:\/\/medioambiente.llanera.es\/wp-content\/uploads\/2021\/03\/abastzc-1.jpg","width":1280,"height":910},{"@type":"WebPage","@id":"http:\/\/medioambiente.llanera.es\/?page_id=1883#webpage","url":"http:\/\/medioambiente.llanera.es\/?page_id=1883","name":"Abastecimiento -","isPartOf":{"@id":"http:\/\/medioambiente.llanera.es\/#website"},"primaryImageOfPage":{"@id":"http:\/\/medioambiente.llanera.es\/?page_id=1883#primaryimage"},"datePublished":"2021-02-08T12:33:48+00:00","dateModified":"2021-03-08T11:08:23+00:00","breadcrumb":{"@id":"http:\/\/medioambiente.llanera.es\/?page_id=1883#breadcrumb"},"inLanguage":"es","potentialAction":[{"@type":"ReadAction","target":["http:\/\/medioambiente.llanera.es\/?page_id=1883"]}]},{"@type":"BreadcrumbList","@id":"http:\/\/medioambiente.llanera.es\/?page_id=1883#breadcrumb","itemListElement":[{"@type":"ListItem","position":1,"name":"Portada","item":"http:\/\/medioambiente.llanera.es\/"},{"@type":"ListItem","position":2,"name":"Agua","item":"http:\/\/medioambiente.llanera.es\/?page_id=656"},{"@type":"ListItem","position":3,"name":"Abastecimiento"}]}]}},"blog_post_layout_featured_media_urls":{"thumbnail":"","full":""},"categories_names":null,"comments_number":"0","wpmagazine_modules_lite_featured_media_urls":{"thumbnail":"","cvmm-medium":"","cvmm-medium-plus":"","cvmm-portrait":"","cvmm-medium-square":"","cvmm-large":"","cvmm-small":"","full":""},"_links":{"self":[{"href":"http:\/\/medioambiente.llanera.es\/index.php?rest_route=\/wp\/v2\/pages\/1883"}],"collection":[{"href":"http:\/\/medioambiente.llanera.es\/index.php?rest_route=\/wp\/v2\/pages"}],"about":[{"href":"http:\/\/medioambiente.llanera.es\/index.php?rest_route=\/wp\/v2\/types\/page"}],"author":[{"embeddable":true,"href":"http:\/\/medioambiente.llanera.es\/index.php?rest_route=\/wp\/v2\/users\/3"}],"replies":[{"embeddable":true,"href":"http:\/\/medioambiente.llanera.es\/index.php?rest_route=%2Fwp%2Fv2%2Fcomments&post=1883"}],"version-history":[{"count":47,"href":"http:\/\/medioambiente.llanera.es\/index.php?rest_route=\/wp\/v2\/pages\/1883\/revisions"}],"predecessor-version":[{"id":2617,"href":"http:\/\/medioambiente.llanera.es\/index.php?rest_route=\/wp\/v2\/pages\/1883\/revisions\/2617"}],"up":[{"embeddable":true,"href":"http:\/\/medioambiente.llanera.es\/index.php?rest_route=\/wp\/v2\/pages\/656"}],"wp:attachment":[{"href":"http:\/\/medioambiente.llanera.es\/index.php?rest_route=%2Fwp%2Fv2%2Fmedia&parent=1883"}],"curies":[{"name":"wp","href":"https:\/\/api.w.org\/{rel}","templated":true}]}}