{"id":1464,"date":"2021-01-26T12:10:44","date_gmt":"2021-01-26T11:10:44","guid":{"rendered":"http:\/\/medioambiente.llanera.es\/?page_id=1464"},"modified":"2021-02-24T11:25:46","modified_gmt":"2021-02-24T10:25:46","slug":"campanas-y-noticias-de-reciclaje","status":"publish","type":"page","link":"http:\/\/medioambiente.llanera.es\/?page_id=1464","title":{"rendered":"Campa\u00f1as y Noticias de Reciclaje"},"content":{"rendered":"\t\t<div data-elementor-type=\"wp-page\" data-elementor-id=\"1464\" class=\"elementor elementor-1464\" data-elementor-settings=\"[]\">\n\t\t\t\t\t\t<div class=\"elementor-inner\">\n\t\t\t\t\t\t\t<div class=\"elementor-section-wrap\">\n\t\t\t\t\t\t\t<section class=\"elementor-section elementor-top-section elementor-element elementor-element-0d115b5 elementor-section-boxed elementor-section-height-default elementor-section-height-default\" data-id=\"0d115b5\" data-element_type=\"section\">\n\t\t\t\t\t\t<div class=\"elementor-container elementor-column-gap-default\">\n\t\t\t\t\t\t\t<div class=\"elementor-row\">\n\t\t\t\t\t<div class=\"elementor-column elementor-col-50 elementor-top-column elementor-element elementor-element-ef87bf4\" data-id=\"ef87bf4\" data-element_type=\"column\">\n\t\t\t<div class=\"elementor-column-wrap elementor-element-populated\">\n\t\t\t\t\t\t\t<div class=\"elementor-widget-wrap\">\n\t\t\t\t\t\t<div class=\"elementor-element elementor-element-1c76537 elementor-widget elementor-widget-heading\" data-id=\"1c76537\" data-element_type=\"widget\" data-widget_type=\"heading.default\">\n\t\t\t\t<div class=\"elementor-widget-container\">\n\t\t\t<h2 class=\"elementor-heading-title elementor-size-default\">Campa\u00f1as <\/h2>\t\t<\/div>\n\t\t\t\t<\/div>\n\t\t\t\t<div class=\"elementor-element elementor-element-e354992 elementor-widget elementor-widget-post-tiles\" data-id=\"e354992\" data-element_type=\"widget\" data-widget_type=\"post-tiles.default\">\n\t\t\t\t<div class=\"elementor-widget-container\">\n\t\t\t        <div id=\"wpmagazine-modules-lite-post-tiles-block-e354992\" class=\"wpmagazine-modules-lite-post-tiles-block block-e354992 cvmm-block cvmm-block-post-tiles--layout-default\">\r\n            <div class=\"cvmm-post-tiles-block-main-content-wrap\">\r\n    <div class=\"cvmm-post-tiles-slider-post-wrapper cvmm-post-tiles-full-width\"  data-dots=0 data-loop=1 data-control=0 data-auto=1 data-type=0 data-speed=2500 data-item=1>\r\n                        <article post-id=\"post-1895\" class=\"cvmm-post post-format--standard\" itemscope itemtype=\"http:\/\/schema.org\/articleBody\">\r\n                                        <div class=\"cvmm-post-thumb\">\r\n                        <a href=\"http:\/\/medioambiente.llanera.es\/?p=1895\" target=\"_self\" style=\"background: url( http:\/\/medioambiente.llanera.es\/wp-content\/uploads\/2021\/02\/compost1-1-1-scaled.jpg ); background-position: center center; background-size: cover\">\r\n                        <\/a>\r\n                    <\/div>\r\n                    \r\n                    <div class=\"cvmm-post-content-all-wrapper\">\r\n                                                <h2 class=\"cvmm-post-title\">\r\n                            <a href=\"http:\/\/medioambiente.llanera.es\/?p=1895\" target=\"_self\">\r\n                                Compostaje Dom\u00e9stico 2021                            <\/a>\r\n                        <\/h2>\r\n\r\n                        <div class=\"cvmm-post-meta cvmm-meta-icon-show\">\r\n                                                    <\/div>\r\n                        <div class=\"cvmm-read-more\"><a href=\"http:\/\/medioambiente.llanera.es\/?p=1895\" target=\"_self\">Seguir Leyendo<i class=\"fas fa-arrow-right\"><\/i><\/a><\/div>                    <\/div><!-- .cvmm-post-content-all-wrapper -->\r\n                <\/article>\r\n                        <article post-id=\"post-1170\" class=\"cvmm-post post-format--standard\" itemscope itemtype=\"http:\/\/schema.org\/articleBody\">\r\n                                        <div class=\"cvmm-post-thumb\">\r\n                        <a href=\"http:\/\/medioambiente.llanera.es\/?p=1170\" target=\"_self\" style=\"background: url( http:\/\/medioambiente.llanera.es\/wp-content\/uploads\/2021\/01\/Intrusos-en-el-Marron.jpg ); background-position: center center; background-size: cover\">\r\n                        <\/a>\r\n                    <\/div>\r\n                    \r\n                    <div class=\"cvmm-post-content-all-wrapper\">\r\n                                                <h2 class=\"cvmm-post-title\">\r\n                            <a href=\"http:\/\/medioambiente.llanera.es\/?p=1170\" target=\"_self\">\r\n                                Intrusos en el Marr\u00f3n                            <\/a>\r\n                        <\/h2>\r\n\r\n                        <div class=\"cvmm-post-meta cvmm-meta-icon-show\">\r\n                                                    <\/div>\r\n                        <div class=\"cvmm-read-more\"><a href=\"http:\/\/medioambiente.llanera.es\/?p=1170\" target=\"_self\">Seguir Leyendo<i class=\"fas fa-arrow-right\"><\/i><\/a><\/div>                    <\/div><!-- .cvmm-post-content-all-wrapper -->\r\n                <\/article>\r\n                        <article post-id=\"post-1486\" class=\"cvmm-post post-format--standard\" itemscope itemtype=\"http:\/\/schema.org\/articleBody\">\r\n                                        <div class=\"cvmm-post-thumb\">\r\n                        <a href=\"http:\/\/medioambiente.llanera.es\/?p=1486\" target=\"_self\" style=\"background: url( http:\/\/medioambiente.llanera.es\/wp-content\/uploads\/2021\/01\/EWWR2020_Poster_invisiblewaste_ES.jpg ); background-position: center center; background-size: cover\">\r\n                        <\/a>\r\n                    <\/div>\r\n                    \r\n                    <div class=\"cvmm-post-content-all-wrapper\">\r\n                                                <h2 class=\"cvmm-post-title\">\r\n                            <a href=\"http:\/\/medioambiente.llanera.es\/?p=1486\" target=\"_self\">\r\n                                Semana Europea de Prevenci\u00f3n de Residuos                            <\/a>\r\n                        <\/h2>\r\n\r\n                        <div class=\"cvmm-post-meta cvmm-meta-icon-show\">\r\n                                                    <\/div>\r\n                        <div class=\"cvmm-read-more\"><a href=\"http:\/\/medioambiente.llanera.es\/?p=1486\" target=\"_self\">Seguir Leyendo<i class=\"fas fa-arrow-right\"><\/i><\/a><\/div>                    <\/div><!-- .cvmm-post-content-all-wrapper -->\r\n                <\/article>\r\n            <\/div><!-- .cvmm-slider-post-wrapper -->\r\n    <\/div><!-- .cvmm-slider-block-main-content-wrap -->        <\/div><!-- #wpmagazine-modules-lite-banner-block -->\r\n    \t\t<\/div>\n\t\t\t\t<\/div>\n\t\t\t\t\t\t<\/div>\n\t\t\t\t\t<\/div>\n\t\t<\/div>\n\t\t\t\t<div class=\"elementor-column elementor-col-50 elementor-top-column elementor-element elementor-element-4ca21d5\" data-id=\"4ca21d5\" data-element_type=\"column\">\n\t\t\t<div class=\"elementor-column-wrap elementor-element-populated\">\n\t\t\t\t\t\t\t<div class=\"elementor-widget-wrap\">\n\t\t\t\t\t\t<div class=\"elementor-element elementor-element-d1e7d70 elementor-widget elementor-widget-heading\" data-id=\"d1e7d70\" data-element_type=\"widget\" data-widget_type=\"heading.default\">\n\t\t\t\t<div class=\"elementor-widget-container\">\n\t\t\t<h2 class=\"elementor-heading-title elementor-size-default\">Noticias \/ Art\u00edculos<\/h2>\t\t<\/div>\n\t\t\t\t<\/div>\n\t\t\t\t<div class=\"elementor-element elementor-element-cb658cc elementor-widget elementor-widget-post-tiles\" data-id=\"cb658cc\" data-element_type=\"widget\" data-widget_type=\"post-tiles.default\">\n\t\t\t\t<div class=\"elementor-widget-container\">\n\t\t\t        <div id=\"wpmagazine-modules-lite-post-tiles-block-cb658cc\" class=\"wpmagazine-modules-lite-post-tiles-block block-cb658cc cvmm-block cvmm-block-post-tiles--layout-default\">\r\n            <div class=\"cvmm-post-tiles-block-main-content-wrap\">\r\n    <div class=\"cvmm-post-tiles-slider-post-wrapper cvmm-post-tiles-full-width\"  data-dots=0 data-loop=1 data-control=0 data-auto=1 data-type=0 data-speed=2500 data-item=1>\r\n                        <article post-id=\"post-2694\" class=\"cvmm-post post-format--standard\" itemscope itemtype=\"http:\/\/schema.org\/articleBody\">\r\n                                        <div class=\"cvmm-post-thumb\">\r\n                        <a href=\"http:\/\/medioambiente.llanera.es\/?p=2694\" target=\"_self\" style=\"background: url( http:\/\/medioambiente.llanera.es\/wp-content\/uploads\/2021\/03\/resurreccin-residuos.png ); background-position: center center; background-size: cover\">\r\n                        <\/a>\r\n                    <\/div>\r\n                    \r\n                    <div class=\"cvmm-post-content-all-wrapper\">\r\n                                                <h2 class=\"cvmm-post-title\">\r\n                            <a href=\"http:\/\/medioambiente.llanera.es\/?p=2694\" target=\"_self\">\r\n                                La \u00abresurrecci\u00f3n\u00bb de mi basura                            <\/a>\r\n                        <\/h2>\r\n\r\n                        <div class=\"cvmm-post-meta cvmm-meta-icon-show\">\r\n                                                    <\/div>\r\n                        <div class=\"cvmm-read-more\"><a href=\"http:\/\/medioambiente.llanera.es\/?p=2694\" target=\"_self\">Seguir leyendo<i class=\"fas fa-arrow-right\"><\/i><\/a><\/div>                    <\/div><!-- .cvmm-post-content-all-wrapper -->\r\n                <\/article>\r\n                        <article post-id=\"post-2202\" class=\"cvmm-post post-format--standard\" itemscope itemtype=\"http:\/\/schema.org\/articleBody\">\r\n                                        <div class=\"cvmm-post-thumb\">\r\n                        <a href=\"http:\/\/medioambiente.llanera.es\/?p=2202\" target=\"_self\" style=\"background: url( http:\/\/medioambiente.llanera.es\/wp-content\/uploads\/2021\/02\/historia-basura.jpg ); background-position: center center; background-size: cover\">\r\n                        <\/a>\r\n                    <\/div>\r\n                    \r\n                    <div class=\"cvmm-post-content-all-wrapper\">\r\n                                                <h2 class=\"cvmm-post-title\">\r\n                            <a href=\"http:\/\/medioambiente.llanera.es\/?p=2202\" target=\"_self\">\r\n                                La historia a trav\u00e9s de la basura                            <\/a>\r\n                        <\/h2>\r\n\r\n                        <div class=\"cvmm-post-meta cvmm-meta-icon-show\">\r\n                                                    <\/div>\r\n                        <div class=\"cvmm-read-more\"><a href=\"http:\/\/medioambiente.llanera.es\/?p=2202\" target=\"_self\">Seguir leyendo<i class=\"fas fa-arrow-right\"><\/i><\/a><\/div>                    <\/div><!-- .cvmm-post-content-all-wrapper -->\r\n                <\/article>\r\n                        <article post-id=\"post-1579\" class=\"cvmm-post post-format--standard\" itemscope itemtype=\"http:\/\/schema.org\/articleBody\">\r\n                                        <div class=\"cvmm-post-thumb\">\r\n                        <a href=\"http:\/\/medioambiente.llanera.es\/?p=1579\" target=\"_self\" style=\"background: url( http:\/\/medioambiente.llanera.es\/wp-content\/uploads\/2021\/01\/Ejemplo-Gestion-Residuos.jpg ); background-position: center center; background-size: cover\">\r\n                        <\/a>\r\n                    <\/div>\r\n                    \r\n                    <div class=\"cvmm-post-content-all-wrapper\">\r\n                                                <h2 class=\"cvmm-post-title\">\r\n                            <a href=\"http:\/\/medioambiente.llanera.es\/?p=1579\" target=\"_self\">\r\n                                El Ayuntamiento de Llanera, Seleccionado                            <\/a>\r\n                        <\/h2>\r\n\r\n                        <div class=\"cvmm-post-meta cvmm-meta-icon-show\">\r\n                                                    <\/div>\r\n                        <div class=\"cvmm-read-more\"><a href=\"http:\/\/medioambiente.llanera.es\/?p=1579\" target=\"_self\">Seguir leyendo<i class=\"fas fa-arrow-right\"><\/i><\/a><\/div>                    <\/div><!-- .cvmm-post-content-all-wrapper -->\r\n                <\/article>\r\n                        <article post-id=\"post-1572\" class=\"cvmm-post post-format--standard\" itemscope itemtype=\"http:\/\/schema.org\/articleBody\">\r\n                                        <div class=\"cvmm-post-thumb\">\r\n                        <a href=\"http:\/\/medioambiente.llanera.es\/?p=1572\" target=\"_self\" style=\"background: url( http:\/\/medioambiente.llanera.es\/wp-content\/uploads\/2021\/01\/greenwashing.jpg ); background-position: center center; background-size: cover\">\r\n                        <\/a>\r\n                    <\/div>\r\n                    \r\n                    <div class=\"cvmm-post-content-all-wrapper\">\r\n                                                <h2 class=\"cvmm-post-title\">\r\n                            <a href=\"http:\/\/medioambiente.llanera.es\/?p=1572\" target=\"_self\">\r\n                                Lavado de Imagen Verde                            <\/a>\r\n                        <\/h2>\r\n\r\n                        <div class=\"cvmm-post-meta cvmm-meta-icon-show\">\r\n                                                    <\/div>\r\n                        <div class=\"cvmm-read-more\"><a href=\"http:\/\/medioambiente.llanera.es\/?p=1572\" target=\"_self\">Seguir leyendo<i class=\"fas fa-arrow-right\"><\/i><\/a><\/div>                    <\/div><!-- .cvmm-post-content-all-wrapper -->\r\n                <\/article>\r\n                        <article post-id=\"post-1455\" class=\"cvmm-post post-format--standard\" itemscope itemtype=\"http:\/\/schema.org\/articleBody\">\r\n                                        <div class=\"cvmm-post-thumb\">\r\n                        <a href=\"http:\/\/medioambiente.llanera.es\/?p=1455\" target=\"_self\" style=\"background: url( http:\/\/medioambiente.llanera.es\/wp-content\/uploads\/2021\/01\/pilas.jpg ); background-position: center center; background-size: cover\">\r\n                        <\/a>\r\n                    <\/div>\r\n                    \r\n                    <div class=\"cvmm-post-content-all-wrapper\">\r\n                                                <h2 class=\"cvmm-post-title\">\r\n                            <a href=\"http:\/\/medioambiente.llanera.es\/?p=1455\" target=\"_self\">\r\n                                Nuevos residuos Peligrosos                            <\/a>\r\n                        <\/h2>\r\n\r\n                        <div class=\"cvmm-post-meta cvmm-meta-icon-show\">\r\n                                                    <\/div>\r\n                        <div class=\"cvmm-read-more\"><a href=\"http:\/\/medioambiente.llanera.es\/?p=1455\" target=\"_self\">Seguir leyendo<i class=\"fas fa-arrow-right\"><\/i><\/a><\/div>                    <\/div><!-- .cvmm-post-content-all-wrapper -->\r\n                <\/article>\r\n            <\/div><!-- .cvmm-slider-post-wrapper -->\r\n    <\/div><!-- .cvmm-slider-block-main-content-wrap -->        <\/div><!-- #wpmagazine-modules-lite-banner-block -->\r\n    \t\t<\/div>\n\t\t\t\t<\/div>\n\t\t\t\t\t\t<\/div>\n\t\t\t\t\t<\/div>\n\t\t<\/div>\n\t\t\t\t\t\t\t\t<\/div>\n\t\t\t\t\t<\/div>\n\t\t<\/section>\n\t\t\t\t\t\t<\/div>\n\t\t\t\t\t\t<\/div>\n\t\t\t\t\t<\/div>\n\t\t","protected":false},"excerpt":{"rendered":"<p>Campa\u00f1as Compostaje Dom\u00e9stico 2021 Seguir Leyendo Intrusos en el Marr\u00f3n Seguir Leyendo Semana Europea de Prevenci\u00f3n de Residuos Seguir Leyendo Noticias \/ Art\u00edculos La historia a trav\u00e9s de la basura Seguir leyendo El Ayuntamiento de Llanera, Seleccionado Seguir leyendo Lavado de Imagen Verde Seguir leyendo Nuevos residuos Peligrosos Seguir leyendo<\/p>\n","protected":false},"author":3,"featured_media":0,"parent":994,"menu_order":1,"comment_status":"closed","ping_status":"closed","template":"","meta":[],"yoast_head":"<!-- This site is optimized with the Yoast SEO plugin v18.3 - https:\/\/yoast.com\/wordpress\/plugins\/seo\/ -->\r\n<title>Campa\u00f1as y Noticias de Reciclaje -<\/title>\r\n<meta name=\"robots\" content=\"index, follow, max-snippet:-1, max-image-preview:large, max-video-preview:-1\" \/>\r\n<link rel=\"canonical\" href=\"http:\/\/medioambiente.llanera.es\/?page_id=1464\" \/>\r\n<meta property=\"og:locale\" content=\"es_ES\" \/>\r\n<meta property=\"og:type\" content=\"article\" \/>\r\n<meta property=\"og:title\" content=\"Campa\u00f1as y Noticias de Reciclaje -\" \/>\r\n<meta property=\"og:description\" content=\"Campa\u00f1as Compostaje Dom\u00e9stico 2021 Seguir Leyendo Intrusos en el Marr\u00f3n Seguir Leyendo Semana Europea de Prevenci\u00f3n de Residuos Seguir Leyendo Noticias \/ Art\u00edculos La historia a trav\u00e9s de la basura Seguir leyendo El Ayuntamiento de Llanera, Seleccionado Seguir leyendo Lavado de Imagen Verde Seguir leyendo Nuevos residuos Peligrosos Seguir leyendo\" \/>\r\n<meta property=\"og:url\" content=\"http:\/\/medioambiente.llanera.es\/?page_id=1464\" \/>\r\n<meta property=\"article:modified_time\" content=\"2021-02-24T10:25:46+00:00\" \/>\r\n<meta name=\"twitter:card\" content=\"summary_large_image\" \/>\r\n<script type=\"application\/ld+json\" class=\"yoast-schema-graph\">{\"@context\":\"https:\/\/schema.org\",\"@graph\":[{\"@type\":\"Organization\",\"@id\":\"http:\/\/medioambiente.llanera.es\/#organization\",\"name\":\"Ayuntamiento de Llanera\",\"url\":\"http:\/\/medioambiente.llanera.es\/\",\"sameAs\":[],\"logo\":{\"@type\":\"ImageObject\",\"@id\":\"http:\/\/medioambiente.llanera.es\/#logo\",\"inLanguage\":\"es\",\"url\":\"http:\/\/medioambiente.llanera.es\/wp-content\/uploads\/2021\/05\/escudop1.jpg\",\"contentUrl\":\"http:\/\/medioambiente.llanera.es\/wp-content\/uploads\/2021\/05\/escudop1.jpg\",\"width\":200,\"height\":150,\"caption\":\"Ayuntamiento de Llanera\"},\"image\":{\"@id\":\"http:\/\/medioambiente.llanera.es\/#logo\"}},{\"@type\":\"WebSite\",\"@id\":\"http:\/\/medioambiente.llanera.es\/#website\",\"url\":\"http:\/\/medioambiente.llanera.es\/\",\"name\":\"\",\"description\":\"\",\"publisher\":{\"@id\":\"http:\/\/medioambiente.llanera.es\/#organization\"},\"potentialAction\":[{\"@type\":\"SearchAction\",\"target\":{\"@type\":\"EntryPoint\",\"urlTemplate\":\"http:\/\/medioambiente.llanera.es\/?s={search_term_string}\"},\"query-input\":\"required name=search_term_string\"}],\"inLanguage\":\"es\"},{\"@type\":\"WebPage\",\"@id\":\"http:\/\/medioambiente.llanera.es\/?page_id=1464#webpage\",\"url\":\"http:\/\/medioambiente.llanera.es\/?page_id=1464\",\"name\":\"Campa\u00f1as y Noticias de Reciclaje -\",\"isPartOf\":{\"@id\":\"http:\/\/medioambiente.llanera.es\/#website\"},\"datePublished\":\"2021-01-26T11:10:44+00:00\",\"dateModified\":\"2021-02-24T10:25:46+00:00\",\"breadcrumb\":{\"@id\":\"http:\/\/medioambiente.llanera.es\/?page_id=1464#breadcrumb\"},\"inLanguage\":\"es\",\"potentialAction\":[{\"@type\":\"ReadAction\",\"target\":[\"http:\/\/medioambiente.llanera.es\/?page_id=1464\"]}]},{\"@type\":\"BreadcrumbList\",\"@id\":\"http:\/\/medioambiente.llanera.es\/?page_id=1464#breadcrumb\",\"itemListElement\":[{\"@type\":\"ListItem\",\"position\":1,\"name\":\"Portada\",\"item\":\"http:\/\/medioambiente.llanera.es\/\"},{\"@type\":\"ListItem\",\"position\":2,\"name\":\"Reciclar\",\"item\":\"http:\/\/medioambiente.llanera.es\/?page_id=994\"},{\"@type\":\"ListItem\",\"position\":3,\"name\":\"Campa\u00f1as y Noticias de Reciclaje\"}]}]}<\/script>\r\n<!-- \/ Yoast SEO plugin. -->","yoast_head_json":{"title":"Campa\u00f1as y Noticias de Reciclaje -","robots":{"index":"index","follow":"follow","max-snippet":"max-snippet:-1","max-image-preview":"max-image-preview:large","max-video-preview":"max-video-preview:-1"},"canonical":"http:\/\/medioambiente.llanera.es\/?page_id=1464","og_locale":"es_ES","og_type":"article","og_title":"Campa\u00f1as y Noticias de Reciclaje -","og_description":"Campa\u00f1as Compostaje Dom\u00e9stico 2021 Seguir Leyendo Intrusos en el Marr\u00f3n Seguir Leyendo Semana Europea de Prevenci\u00f3n de Residuos Seguir Leyendo Noticias \/ Art\u00edculos La historia a trav\u00e9s de la basura Seguir leyendo El Ayuntamiento de Llanera, Seleccionado Seguir leyendo Lavado de Imagen Verde Seguir leyendo Nuevos residuos Peligrosos Seguir leyendo","og_url":"http:\/\/medioambiente.llanera.es\/?page_id=1464","article_modified_time":"2021-02-24T10:25:46+00:00","twitter_card":"summary_large_image","schema":{"@context":"https:\/\/schema.org","@graph":[{"@type":"Organization","@id":"http:\/\/medioambiente.llanera.es\/#organization","name":"Ayuntamiento de Llanera","url":"http:\/\/medioambiente.llanera.es\/","sameAs":[],"logo":{"@type":"ImageObject","@id":"http:\/\/medioambiente.llanera.es\/#logo","inLanguage":"es","url":"http:\/\/medioambiente.llanera.es\/wp-content\/uploads\/2021\/05\/escudop1.jpg","contentUrl":"http:\/\/medioambiente.llanera.es\/wp-content\/uploads\/2021\/05\/escudop1.jpg","width":200,"height":150,"caption":"Ayuntamiento de Llanera"},"image":{"@id":"http:\/\/medioambiente.llanera.es\/#logo"}},{"@type":"WebSite","@id":"http:\/\/medioambiente.llanera.es\/#website","url":"http:\/\/medioambiente.llanera.es\/","name":"","description":"","publisher":{"@id":"http:\/\/medioambiente.llanera.es\/#organization"},"potentialAction":[{"@type":"SearchAction","target":{"@type":"EntryPoint","urlTemplate":"http:\/\/medioambiente.llanera.es\/?s={search_term_string}"},"query-input":"required name=search_term_string"}],"inLanguage":"es"},{"@type":"WebPage","@id":"http:\/\/medioambiente.llanera.es\/?page_id=1464#webpage","url":"http:\/\/medioambiente.llanera.es\/?page_id=1464","name":"Campa\u00f1as y Noticias de Reciclaje -","isPartOf":{"@id":"http:\/\/medioambiente.llanera.es\/#website"},"datePublished":"2021-01-26T11:10:44+00:00","dateModified":"2021-02-24T10:25:46+00:00","breadcrumb":{"@id":"http:\/\/medioambiente.llanera.es\/?page_id=1464#breadcrumb"},"inLanguage":"es","potentialAction":[{"@type":"ReadAction","target":["http:\/\/medioambiente.llanera.es\/?page_id=1464"]}]},{"@type":"BreadcrumbList","@id":"http:\/\/medioambiente.llanera.es\/?page_id=1464#breadcrumb","itemListElement":[{"@type":"ListItem","position":1,"name":"Portada","item":"http:\/\/medioambiente.llanera.es\/"},{"@type":"ListItem","position":2,"name":"Reciclar","item":"http:\/\/medioambiente.llanera.es\/?page_id=994"},{"@type":"ListItem","position":3,"name":"Campa\u00f1as y Noticias de Reciclaje"}]}]}},"blog_post_layout_featured_media_urls":{"thumbnail":"","full":""},"categories_names":null,"comments_number":"0","wpmagazine_modules_lite_featured_media_urls":{"thumbnail":"","cvmm-medium":"","cvmm-medium-plus":"","cvmm-portrait":"","cvmm-medium-square":"","cvmm-large":"","cvmm-small":"","full":""},"_links":{"self":[{"href":"http:\/\/medioambiente.llanera.es\/index.php?rest_route=\/wp\/v2\/pages\/1464"}],"collection":[{"href":"http:\/\/medioambiente.llanera.es\/index.php?rest_route=\/wp\/v2\/pages"}],"about":[{"href":"http:\/\/medioambiente.llanera.es\/index.php?rest_route=\/wp\/v2\/types\/page"}],"author":[{"embeddable":true,"href":"http:\/\/medioambiente.llanera.es\/index.php?rest_route=\/wp\/v2\/users\/3"}],"replies":[{"embeddable":true,"href":"http:\/\/medioambiente.llanera.es\/index.php?rest_route=%2Fwp%2Fv2%2Fcomments&post=1464"}],"version-history":[{"count":21,"href":"http:\/\/medioambiente.llanera.es\/index.php?rest_route=\/wp\/v2\/pages\/1464\/revisions"}],"predecessor-version":[{"id":2254,"href":"http:\/\/medioambiente.llanera.es\/index.php?rest_route=\/wp\/v2\/pages\/1464\/revisions\/2254"}],"up":[{"embeddable":true,"href":"http:\/\/medioambiente.llanera.es\/index.php?rest_route=\/wp\/v2\/pages\/994"}],"wp:attachment":[{"href":"http:\/\/medioambiente.llanera.es\/index.php?rest_route=%2Fwp%2Fv2%2Fmedia&parent=1464"}],"curies":[{"name":"wp","href":"https:\/\/api.w.org\/{rel}","templated":true}]}}